{"id":43,"date":"2024-12-31T19:21:39","date_gmt":"2024-12-31T19:21:39","guid":{"rendered":"http:\/\/carmelitengo.org\/?page_id=43"},"modified":"2025-03-22T21:08:18","modified_gmt":"2025-03-22T21:08:18","slug":"news","status":"publish","type":"page","link":"https:\/\/carmelitengo.org\/es\/news\/","title":{"rendered":"Noticias"},"content":{"rendered":"<div data-elementor-type=\"wp-page\" data-elementor-id=\"43\" class=\"elementor elementor-43\" data-elementor-post-type=\"page\">\n\t\t\t\t\t\t<section class=\"elementor-section elementor-top-section elementor-element elementor-element-8b1761a elementor-section-boxed elementor-section-height-default elementor-section-height-default\" data-id=\"8b1761a\" data-element_type=\"section\" data-e-type=\"section\">\n\t\t\t\t\t\t<div class=\"elementor-container elementor-column-gap-default\">\n\t\t\t\t\t<div class=\"elementor-column elementor-col-100 elementor-top-column elementor-element elementor-element-e7355ba\" data-id=\"e7355ba\" data-element_type=\"column\" data-e-type=\"column\">\n\t\t\t<div class=\"elementor-widget-wrap elementor-element-populated\">\n\t\t\t\t\t\t<div class=\"elementor-element elementor-element-951e765 elementor-grid-3 elementor-grid-tablet-2 elementor-grid-mobile-1 elementor-posts--thumbnail-top elementor-widget elementor-widget-posts\" data-id=\"951e765\" data-element_type=\"widget\" data-e-type=\"widget\" data-settings=\"{&quot;classic_columns&quot;:&quot;3&quot;,&quot;classic_columns_tablet&quot;:&quot;2&quot;,&quot;classic_columns_mobile&quot;:&quot;1&quot;,&quot;classic_row_gap&quot;:{&quot;unit&quot;:&quot;px&quot;,&quot;size&quot;:35,&quot;sizes&quot;:[]},&quot;classic_row_gap_tablet&quot;:{&quot;unit&quot;:&quot;px&quot;,&quot;size&quot;:&quot;&quot;,&quot;sizes&quot;:[]},&quot;classic_row_gap_mobile&quot;:{&quot;unit&quot;:&quot;px&quot;,&quot;size&quot;:&quot;&quot;,&quot;sizes&quot;:[]}}\" data-widget_type=\"posts.classic\">\n\t\t\t\t<div class=\"elementor-widget-container\">\n\t\t\t\t\t\t\t<div class=\"elementor-posts-container elementor-posts elementor-posts--skin-classic elementor-grid\" role=\"list\">\n\t\t\t\t<article class=\"elementor-post elementor-grid-item post-1490 post type-post status-publish format-standard has-post-thumbnail hentry category-carmengo\" role=\"listitem\">\n\t\t\t\t<a class=\"elementor-post__thumbnail__link\" href=\"https:\/\/carmelitengo.org\/es\/carmengo\/high-level-week-in-new-york-city\/\" tabindex=\"-1\" >\n\t\t\t<div class=\"elementor-post__thumbnail\"><img fetchpriority=\"high\" decoding=\"async\" width=\"300\" height=\"269\" src=\"https:\/\/carmelitengo.org\/wp-content\/uploads\/2025\/10\/Screenshot-2025-10-07-at-6.59.54-PM-300x269.png\" class=\"attachment-medium size-medium wp-image-1492\" alt=\"\" srcset=\"https:\/\/carmelitengo.org\/wp-content\/uploads\/2025\/10\/Screenshot-2025-10-07-at-6.59.54-PM-300x269.png 300w, https:\/\/carmelitengo.org\/wp-content\/uploads\/2025\/10\/Screenshot-2025-10-07-at-6.59.54-PM-13x12.png 13w, https:\/\/carmelitengo.org\/wp-content\/uploads\/2025\/10\/Screenshot-2025-10-07-at-6.59.54-PM.png 528w\" sizes=\"(max-width: 300px) 100vw, 300px\" \/><\/div>\n\t\t<\/a>\n\t\t\t\t<div class=\"elementor-post__text\">\n\t\t\t\t<h3 class=\"elementor-post__title\">\n\t\t\t<a href=\"https:\/\/carmelitengo.org\/es\/carmengo\/high-level-week-in-new-york-city\/\" >\n\t\t\t\tSemana de alto nivel en Nueva York\t\t\t<\/a>\n\t\t<\/h3>\n\t\t\t\t<div class=\"elementor-post__meta-data\">\n\t\t\t\t\t<span class=\"elementor-post-date\">\n\t\t\t6 de octubre de 2025\t\t<\/span>\n\t\t\t\t<\/div>\n\t\t\t\t<div class=\"elementor-post__excerpt\">\n\t\t\t<p>Dr. Dennis Kalob<br \/>\nDirector Administrativo de la ONG Carmelita<\/p>\n\t\t<\/div>\n\t\t\t\t<\/div>\n\t\t\t\t<\/article>\n\t\t\t\t<article class=\"elementor-post elementor-grid-item post-1461 post type-post status-publish format-standard has-post-thumbnail hentry category-carmengo\" role=\"listitem\">\n\t\t\t\t<a class=\"elementor-post__thumbnail__link\" href=\"https:\/\/carmelitengo.org\/es\/carmengo\/a-renewed-commitment-to-financing-sustainable-development\/\" tabindex=\"-1\" >\n\t\t\t<div class=\"elementor-post__thumbnail\"><img decoding=\"async\" width=\"300\" height=\"193\" src=\"https:\/\/carmelitengo.org\/wp-content\/uploads\/2025\/10\/Screenshot-2025-10-06-at-1.18.34-PM-300x193.png\" class=\"attachment-medium size-medium wp-image-1467\" alt=\"\" srcset=\"https:\/\/carmelitengo.org\/wp-content\/uploads\/2025\/10\/Screenshot-2025-10-06-at-1.18.34-PM-300x193.png 300w, https:\/\/carmelitengo.org\/wp-content\/uploads\/2025\/10\/Screenshot-2025-10-06-at-1.18.34-PM-18x12.png 18w, https:\/\/carmelitengo.org\/wp-content\/uploads\/2025\/10\/Screenshot-2025-10-06-at-1.18.34-PM.png 472w\" sizes=\"(max-width: 300px) 100vw, 300px\" \/><\/div>\n\t\t<\/a>\n\t\t\t\t<div class=\"elementor-post__text\">\n\t\t\t\t<h3 class=\"elementor-post__title\">\n\t\t\t<a href=\"https:\/\/carmelitengo.org\/es\/carmengo\/a-renewed-commitment-to-financing-sustainable-development\/\" >\n\t\t\t\tUn compromiso renovado para financiar el desarrollo sostenible\t\t\t<\/a>\n\t\t<\/h3>\n\t\t\t\t<div class=\"elementor-post__meta-data\">\n\t\t\t\t\t<span class=\"elementor-post-date\">\n\t\t\t6 de septiembre de 2025\t\t<\/span>\n\t\t\t\t<\/div>\n\t\t\t\t<div class=\"elementor-post__excerpt\">\n\t\t\t<p>Alejandro Mart\u00edn Sabroso<br \/>\nEstudiante de Derecho y Estudios Internacionales - Universidad Carlos III, Madrid<\/p>\n\t\t<\/div>\n\t\t\t\t<\/div>\n\t\t\t\t<\/article>\n\t\t\t\t<article class=\"elementor-post elementor-grid-item post-1421 post type-post status-publish format-standard has-post-thumbnail hentry category-carmengo\" role=\"listitem\">\n\t\t\t\t<a class=\"elementor-post__thumbnail__link\" href=\"https:\/\/carmelitengo.org\/es\/carmengo\/a-message-from-fr-eduardo-on-the-passing-of-st-francis\/\" tabindex=\"-1\" >\n\t\t\t<div class=\"elementor-post__thumbnail\"><img decoding=\"async\" width=\"300\" height=\"263\" src=\"https:\/\/carmelitengo.org\/wp-content\/uploads\/2025\/09\/Screenshot-2025-09-29-at-5.15.15-PM-300x263.png\" class=\"attachment-medium size-medium wp-image-1428\" alt=\"\" srcset=\"https:\/\/carmelitengo.org\/wp-content\/uploads\/2025\/09\/Screenshot-2025-09-29-at-5.15.15-PM-300x263.png 300w, https:\/\/carmelitengo.org\/wp-content\/uploads\/2025\/09\/Screenshot-2025-09-29-at-5.15.15-PM-14x12.png 14w, https:\/\/carmelitengo.org\/wp-content\/uploads\/2025\/09\/Screenshot-2025-09-29-at-5.15.15-PM.png 591w\" sizes=\"(max-width: 300px) 100vw, 300px\" \/><\/div>\n\t\t<\/a>\n\t\t\t\t<div class=\"elementor-post__text\">\n\t\t\t\t<h3 class=\"elementor-post__title\">\n\t\t\t<a href=\"https:\/\/carmelitengo.org\/es\/carmengo\/a-message-from-fr-eduardo-on-the-passing-of-st-francis\/\" >\n\t\t\t\tMensaje del P. Eduardo sobre el fallecimiento de San Francisco\t\t\t<\/a>\n\t\t<\/h3>\n\t\t\t\t<div class=\"elementor-post__meta-data\">\n\t\t\t\t\t<span class=\"elementor-post-date\">\n\t\t\t22 de abril de 2025\t\t<\/span>\n\t\t\t\t<\/div>\n\t\t\t\t<div class=\"elementor-post__excerpt\">\n\t\t\t<p>por Eduardo Agosta Scarel, O.Carm.<\/p>\n\t\t<\/div>\n\t\t\t\t<\/div>\n\t\t\t\t<\/article>\n\t\t\t\t<article class=\"elementor-post elementor-grid-item post-189 post type-post status-publish format-standard has-post-thumbnail hentry category-carmengo\" role=\"listitem\">\n\t\t\t\t<a class=\"elementor-post__thumbnail__link\" href=\"https:\/\/carmelitengo.org\/es\/carmengo\/the-new-global-coalition-for-social-justice\/\" tabindex=\"-1\" >\n\t\t\t<div class=\"elementor-post__thumbnail\"><img loading=\"lazy\" decoding=\"async\" width=\"300\" height=\"240\" src=\"https:\/\/carmelitengo.org\/wp-content\/uploads\/2024\/11\/GlobalRightsIndex2024-300x240.webp\" class=\"attachment-medium size-medium wp-image-193\" alt=\"\" srcset=\"https:\/\/carmelitengo.org\/wp-content\/uploads\/2024\/11\/GlobalRightsIndex2024-300x240.webp 300w, https:\/\/carmelitengo.org\/wp-content\/uploads\/2024\/11\/GlobalRightsIndex2024.webp 642w\" sizes=\"(max-width: 300px) 100vw, 300px\" \/><\/div>\n\t\t<\/a>\n\t\t\t\t<div class=\"elementor-post__text\">\n\t\t\t\t<h3 class=\"elementor-post__title\">\n\t\t\t<a href=\"https:\/\/carmelitengo.org\/es\/carmengo\/the-new-global-coalition-for-social-justice\/\" >\n\t\t\t\tLa nueva coalici\u00f3n mundial por la justicia social\t\t\t<\/a>\n\t\t<\/h3>\n\t\t\t\t<div class=\"elementor-post__meta-data\">\n\t\t\t\t\t<span class=\"elementor-post-date\">\n\t\t\t1 de noviembre de 2024\t\t<\/span>\n\t\t\t\t<\/div>\n\t\t\t\t<div class=\"elementor-post__excerpt\">\n\t\t\t<p>por Dennis Kalob, Doctor en Filosof\u00eda,<br \/>Director Administrativo de la ONG Carmelita<\/p>\n\t\t<\/div>\n\t\t\t\t<\/div>\n\t\t\t\t<\/article>\n\t\t\t\t<article class=\"elementor-post elementor-grid-item post-200 post type-post status-publish format-standard has-post-thumbnail hentry category-carmengo\" role=\"listitem\">\n\t\t\t\t<a class=\"elementor-post__thumbnail__link\" href=\"https:\/\/carmelitengo.org\/es\/carmengo\/responding-to-the-cry-of-the-earth\/\" tabindex=\"-1\" >\n\t\t\t<div class=\"elementor-post__thumbnail\"><img loading=\"lazy\" decoding=\"async\" width=\"300\" height=\"240\" src=\"https:\/\/carmelitengo.org\/wp-content\/uploads\/2024\/08\/CostaRica-300x240.webp\" class=\"attachment-medium size-medium wp-image-204\" alt=\"\" srcset=\"https:\/\/carmelitengo.org\/wp-content\/uploads\/2024\/08\/CostaRica-300x240.webp 300w, https:\/\/carmelitengo.org\/wp-content\/uploads\/2024\/08\/CostaRica-768x614.webp 768w, https:\/\/carmelitengo.org\/wp-content\/uploads\/2024\/08\/CostaRica.webp 780w\" sizes=\"(max-width: 300px) 100vw, 300px\" \/><\/div>\n\t\t<\/a>\n\t\t\t\t<div class=\"elementor-post__text\">\n\t\t\t\t<h3 class=\"elementor-post__title\">\n\t\t\t<a href=\"https:\/\/carmelitengo.org\/es\/carmengo\/responding-to-the-cry-of-the-earth\/\" >\n\t\t\t\tResponder al clamor de la Tierra\t\t\t<\/a>\n\t\t<\/h3>\n\t\t\t\t<div class=\"elementor-post__meta-data\">\n\t\t\t\t\t<span class=\"elementor-post-date\">\n\t\t\t1 de agosto de 2024\t\t<\/span>\n\t\t\t\t<\/div>\n\t\t\t\t<div class=\"elementor-post__excerpt\">\n\t\t\t<p>por Patrick Kalob<\/p>\n\t\t<\/div>\n\t\t\t\t<\/div>\n\t\t\t\t<\/article>\n\t\t\t\t<article class=\"elementor-post elementor-grid-item post-206 post type-post status-publish format-standard has-post-thumbnail hentry category-carmengo\" role=\"listitem\">\n\t\t\t\t<a class=\"elementor-post__thumbnail__link\" href=\"https:\/\/carmelitengo.org\/es\/carmengo\/cop-28-mixed-feelings\/\" tabindex=\"-1\" >\n\t\t\t<div class=\"elementor-post__thumbnail\"><img loading=\"lazy\" decoding=\"async\" width=\"300\" height=\"240\" src=\"https:\/\/carmelitengo.org\/wp-content\/uploads\/2025\/01\/DubiaExpo-300x240.png\" class=\"attachment-medium size-medium wp-image-208\" alt=\"\" srcset=\"https:\/\/carmelitengo.org\/wp-content\/uploads\/2025\/01\/DubiaExpo-300x240.png 300w, https:\/\/carmelitengo.org\/wp-content\/uploads\/2025\/01\/DubiaExpo.webp 618w\" sizes=\"(max-width: 300px) 100vw, 300px\" \/><\/div>\n\t\t<\/a>\n\t\t\t\t<div class=\"elementor-post__text\">\n\t\t\t\t<h3 class=\"elementor-post__title\">\n\t\t\t<a href=\"https:\/\/carmelitengo.org\/es\/carmengo\/cop-28-mixed-feelings\/\" >\n\t\t\t\tCOP 28, sentimientos encontrados\t\t\t<\/a>\n\t\t<\/h3>\n\t\t\t\t<div class=\"elementor-post__meta-data\">\n\t\t\t\t\t<span class=\"elementor-post-date\">\n\t\t\t1 de junio de 2024\t\t<\/span>\n\t\t\t\t<\/div>\n\t\t\t\t<div class=\"elementor-post__excerpt\">\n\t\t\t<p>por Renato Francesco Rallo<\/p>\n\t\t<\/div>\n\t\t\t\t<\/div>\n\t\t\t\t<\/article>\n\t\t\t\t<article class=\"elementor-post elementor-grid-item post-265 post type-post status-publish format-standard has-post-thumbnail hentry category-carmengo\" role=\"listitem\">\n\t\t\t\t<a class=\"elementor-post__thumbnail__link\" href=\"https:\/\/carmelitengo.org\/es\/carmengo\/integral-ecology-and-a-new-carmelite-ngo-initiative\/\" tabindex=\"-1\" >\n\t\t\t<div class=\"elementor-post__thumbnail\"><img loading=\"lazy\" decoding=\"async\" width=\"300\" height=\"240\" src=\"https:\/\/carmelitengo.org\/wp-content\/uploads\/2025\/01\/Integral-Ecology-300x240.webp\" class=\"attachment-medium size-medium wp-image-268\" alt=\"\" srcset=\"https:\/\/carmelitengo.org\/wp-content\/uploads\/2025\/01\/Integral-Ecology-300x240.webp 300w, https:\/\/carmelitengo.org\/wp-content\/uploads\/2025\/01\/Integral-Ecology.webp 346w\" sizes=\"(max-width: 300px) 100vw, 300px\" \/><\/div>\n\t\t<\/a>\n\t\t\t\t<div class=\"elementor-post__text\">\n\t\t\t\t<h3 class=\"elementor-post__title\">\n\t\t\t<a href=\"https:\/\/carmelitengo.org\/es\/carmengo\/integral-ecology-and-a-new-carmelite-ngo-initiative\/\" >\n\t\t\t\tEcolog\u00eda integral y una nueva iniciativa de las ONG carmelitas\t\t\t<\/a>\n\t\t<\/h3>\n\t\t\t\t<div class=\"elementor-post__meta-data\">\n\t\t\t\t\t<span class=\"elementor-post-date\">\n\t\t\t1 de febrero de 2024\t\t<\/span>\n\t\t\t\t<\/div>\n\t\t\t\t<div class=\"elementor-post__excerpt\">\n\t\t\t<p>por Dennis Kalob, Doctor en Filosof\u00eda<br \/>Director Administrativo de la ONG Carmelita<\/p>\n\t\t<\/div>\n\t\t\t\t<\/div>\n\t\t\t\t<\/article>\n\t\t\t\t<article class=\"elementor-post elementor-grid-item post-416 post type-post status-publish format-standard has-post-thumbnail hentry category-carmengo\" role=\"listitem\">\n\t\t\t\t<a class=\"elementor-post__thumbnail__link\" href=\"https:\/\/carmelitengo.org\/es\/carmengo\/inter-religious-dialogue-in-daily-life\/\" tabindex=\"-1\" >\n\t\t\t<div class=\"elementor-post__thumbnail\"><img loading=\"lazy\" decoding=\"async\" width=\"300\" height=\"169\" src=\"https:\/\/carmelitengo.org\/wp-content\/uploads\/2023\/10\/Vol-16-4-copy-300x169.webp\" class=\"attachment-medium size-medium wp-image-421\" alt=\"\" srcset=\"https:\/\/carmelitengo.org\/wp-content\/uploads\/2023\/10\/Vol-16-4-copy-300x169.webp 300w, https:\/\/carmelitengo.org\/wp-content\/uploads\/2023\/10\/Vol-16-4-copy-18x10.webp 18w, https:\/\/carmelitengo.org\/wp-content\/uploads\/2023\/10\/Vol-16-4-copy.webp 512w\" sizes=\"(max-width: 300px) 100vw, 300px\" \/><\/div>\n\t\t<\/a>\n\t\t\t\t<div class=\"elementor-post__text\">\n\t\t\t\t<h3 class=\"elementor-post__title\">\n\t\t\t<a href=\"https:\/\/carmelitengo.org\/es\/carmengo\/inter-religious-dialogue-in-daily-life\/\" >\n\t\t\t\tDi\u00e1logo interreligioso en la vida cotidiana\t\t\t<\/a>\n\t\t<\/h3>\n\t\t\t\t<div class=\"elementor-post__meta-data\">\n\t\t\t\t\t<span class=\"elementor-post-date\">\n\t\t\t25 de octubre de 2023\t\t<\/span>\n\t\t\t\t<\/div>\n\t\t\t\t<div class=\"elementor-post__excerpt\">\n\t\t\t<p>por el P. Francis Xavier Hariawan Adji O.Carm., Ph.D.<\/p>\n\t\t<\/div>\n\t\t\t\t<\/div>\n\t\t\t\t<\/article>\n\t\t\t\t<article class=\"elementor-post elementor-grid-item post-423 post type-post status-publish format-standard has-post-thumbnail hentry category-carmengo\" role=\"listitem\">\n\t\t\t\t<a class=\"elementor-post__thumbnail__link\" href=\"https:\/\/carmelitengo.org\/es\/carmengo\/indonesian-carmelite-ngos-response-to-pope-francis-laudate-deum\/\" tabindex=\"-1\" >\n\t\t\t<div class=\"elementor-post__thumbnail\"><img loading=\"lazy\" decoding=\"async\" width=\"300\" height=\"169\" src=\"https:\/\/carmelitengo.org\/wp-content\/uploads\/2025\/01\/Vol.-16-3-copy-300x169.webp\" class=\"attachment-medium size-medium wp-image-432\" alt=\"\" srcset=\"https:\/\/carmelitengo.org\/wp-content\/uploads\/2025\/01\/Vol.-16-3-copy-300x169.webp 300w, https:\/\/carmelitengo.org\/wp-content\/uploads\/2025\/01\/Vol.-16-3-copy-18x10.webp 18w, https:\/\/carmelitengo.org\/wp-content\/uploads\/2025\/01\/Vol.-16-3-copy.webp 503w\" sizes=\"(max-width: 300px) 100vw, 300px\" \/><\/div>\n\t\t<\/a>\n\t\t\t\t<div class=\"elementor-post__text\">\n\t\t\t\t<h3 class=\"elementor-post__title\">\n\t\t\t<a href=\"https:\/\/carmelitengo.org\/es\/carmengo\/indonesian-carmelite-ngos-response-to-pope-francis-laudate-deum\/\" >\n\t\t\t\tRespuesta de una ONG carmelita indonesia a la Laudate Deum del Papa Francisco\t\t\t<\/a>\n\t\t<\/h3>\n\t\t\t\t<div class=\"elementor-post__meta-data\">\n\t\t\t\t\t<span class=\"elementor-post-date\">\n\t\t\t25 de julio de 2023\t\t<\/span>\n\t\t\t\t<\/div>\n\t\t\t\t<div class=\"elementor-post__excerpt\">\n\t\t\t<p>por el P. Francis Xavier Hariawan Adji O.Carm., Ph.D.<\/p>\n\t\t<\/div>\n\t\t\t\t<\/div>\n\t\t\t\t<\/article>\n\t\t\t\t<article class=\"elementor-post elementor-grid-item post-437 post type-post status-publish format-standard has-post-thumbnail hentry category-carmengo\" role=\"listitem\">\n\t\t\t\t<a class=\"elementor-post__thumbnail__link\" href=\"https:\/\/carmelitengo.org\/es\/carmengo\/commercial-logging-and-climate-change\/\" tabindex=\"-1\" >\n\t\t\t<div class=\"elementor-post__thumbnail\"><img loading=\"lazy\" decoding=\"async\" width=\"300\" height=\"169\" src=\"https:\/\/carmelitengo.org\/wp-content\/uploads\/2025\/01\/Vol.-16-2-copy-300x169.webp\" class=\"attachment-medium size-medium wp-image-439\" alt=\"\" srcset=\"https:\/\/carmelitengo.org\/wp-content\/uploads\/2025\/01\/Vol.-16-2-copy-300x169.webp 300w, https:\/\/carmelitengo.org\/wp-content\/uploads\/2025\/01\/Vol.-16-2-copy-768x433.webp 768w, https:\/\/carmelitengo.org\/wp-content\/uploads\/2025\/01\/Vol.-16-2-copy-18x10.webp 18w, https:\/\/carmelitengo.org\/wp-content\/uploads\/2025\/01\/Vol.-16-2-copy.webp 894w\" sizes=\"(max-width: 300px) 100vw, 300px\" \/><\/div>\n\t\t<\/a>\n\t\t\t\t<div class=\"elementor-post__text\">\n\t\t\t\t<h3 class=\"elementor-post__title\">\n\t\t\t<a href=\"https:\/\/carmelitengo.org\/es\/carmengo\/commercial-logging-and-climate-change\/\" >\n\t\t\t\tTala comercial y cambio clim\u00e1tico\t\t\t<\/a>\n\t\t<\/h3>\n\t\t\t\t<div class=\"elementor-post__meta-data\">\n\t\t\t\t\t<span class=\"elementor-post-date\">\n\t\t\t25 de abril de 2023\t\t<\/span>\n\t\t\t\t<\/div>\n\t\t\t\t<div class=\"elementor-post__excerpt\">\n\t\t\t<p>por Sor Jane Remson, O. Carm.<\/p>\n\t\t<\/div>\n\t\t\t\t<\/div>\n\t\t\t\t<\/article>\n\t\t\t\t<article class=\"elementor-post elementor-grid-item post-444 post type-post status-publish format-standard has-post-thumbnail hentry category-carmengo\" role=\"listitem\">\n\t\t\t\t<a class=\"elementor-post__thumbnail__link\" href=\"https:\/\/carmelitengo.org\/es\/carmengo\/care-for-creation-is-in-the-order-of-love\/\" tabindex=\"-1\" >\n\t\t\t<div class=\"elementor-post__thumbnail\"><img loading=\"lazy\" decoding=\"async\" width=\"300\" height=\"169\" src=\"https:\/\/carmelitengo.org\/wp-content\/uploads\/2025\/01\/Vol-16-1-copy-300x169.webp\" class=\"attachment-medium size-medium wp-image-446\" alt=\"\" srcset=\"https:\/\/carmelitengo.org\/wp-content\/uploads\/2025\/01\/Vol-16-1-copy-300x169.webp 300w, https:\/\/carmelitengo.org\/wp-content\/uploads\/2025\/01\/Vol-16-1-copy-18x10.webp 18w, https:\/\/carmelitengo.org\/wp-content\/uploads\/2025\/01\/Vol-16-1-copy.webp 726w\" sizes=\"(max-width: 300px) 100vw, 300px\" \/><\/div>\n\t\t<\/a>\n\t\t\t\t<div class=\"elementor-post__text\">\n\t\t\t\t<h3 class=\"elementor-post__title\">\n\t\t\t<a href=\"https:\/\/carmelitengo.org\/es\/carmengo\/care-for-creation-is-in-the-order-of-love\/\" >\n\t\t\t\tEl cuidado de la Creaci\u00f3n est\u00e1 en el Orden del Amor\t\t\t<\/a>\n\t\t<\/h3>\n\t\t\t\t<div class=\"elementor-post__meta-data\">\n\t\t\t\t\t<span class=\"elementor-post-date\">\n\t\t\t14 de febrero de 2023\t\t<\/span>\n\t\t\t\t<\/div>\n\t\t\t\t<div class=\"elementor-post__excerpt\">\n\t\t\t<p>por Matthew Rousso,<br \/>\nDirector Nueva Orleans Afiliados Maryknoll<\/p>\n\t\t<\/div>\n\t\t\t\t<\/div>\n\t\t\t\t<\/article>\n\t\t\t\t<article class=\"elementor-post elementor-grid-item post-451 post type-post status-publish format-standard has-post-thumbnail hentry category-carmengo\" role=\"listitem\">\n\t\t\t\t<a class=\"elementor-post__thumbnail__link\" href=\"https:\/\/carmelitengo.org\/es\/carmengo\/journeying-with-agape-witness-of-treaty\/\" tabindex=\"-1\" >\n\t\t\t<div class=\"elementor-post__thumbnail\"><img loading=\"lazy\" decoding=\"async\" width=\"300\" height=\"169\" src=\"https:\/\/carmelitengo.org\/wp-content\/uploads\/2025\/01\/15-no-2-copy-300x169.webp\" class=\"attachment-medium size-medium wp-image-453\" alt=\"\" srcset=\"https:\/\/carmelitengo.org\/wp-content\/uploads\/2025\/01\/15-no-2-copy-300x169.webp 300w, https:\/\/carmelitengo.org\/wp-content\/uploads\/2025\/01\/15-no-2-copy-18x10.webp 18w, https:\/\/carmelitengo.org\/wp-content\/uploads\/2025\/01\/15-no-2-copy.webp 720w\" sizes=\"(max-width: 300px) 100vw, 300px\" \/><\/div>\n\t\t<\/a>\n\t\t\t\t<div class=\"elementor-post__text\">\n\t\t\t\t<h3 class=\"elementor-post__title\">\n\t\t\t<a href=\"https:\/\/carmelitengo.org\/es\/carmengo\/journeying-with-agape-witness-of-treaty\/\" >\n\t\t\t\tViajando con AGAPE, Testigo del Tratado\t\t\t<\/a>\n\t\t<\/h3>\n\t\t\t\t<div class=\"elementor-post__meta-data\">\n\t\t\t\t\t<span class=\"elementor-post-date\">\n\t\t\t25 de julio de 2022\t\t<\/span>\n\t\t\t\t<\/div>\n\t\t\t\t<div class=\"elementor-post__excerpt\">\n\t\t\t<p>por la Hermana Annah Theresa Nyadombo, HOLMC, Ph.D.<\/p>\n\t\t<\/div>\n\t\t\t\t<\/div>\n\t\t\t\t<\/article>\n\t\t\t\t<article class=\"elementor-post elementor-grid-item post-466 post type-post status-publish format-standard has-post-thumbnail hentry category-carmengo\" role=\"listitem\">\n\t\t\t\t<a class=\"elementor-post__thumbnail__link\" href=\"https:\/\/carmelitengo.org\/es\/carmengo\/organizing-for-an-integral-ecology\/\" tabindex=\"-1\" >\n\t\t\t<div class=\"elementor-post__thumbnail\"><img loading=\"lazy\" decoding=\"async\" width=\"300\" height=\"169\" src=\"https:\/\/carmelitengo.org\/wp-content\/uploads\/2025\/01\/15-1-300x169.webp\" class=\"attachment-medium size-medium wp-image-469\" alt=\"\" srcset=\"https:\/\/carmelitengo.org\/wp-content\/uploads\/2025\/01\/15-1-300x169.webp 300w, https:\/\/carmelitengo.org\/wp-content\/uploads\/2025\/01\/15-1-768x432.webp 768w, https:\/\/carmelitengo.org\/wp-content\/uploads\/2025\/01\/15-1-18x10.webp 18w, https:\/\/carmelitengo.org\/wp-content\/uploads\/2025\/01\/15-1.webp 1002w\" sizes=\"(max-width: 300px) 100vw, 300px\" \/><\/div>\n\t\t<\/a>\n\t\t\t\t<div class=\"elementor-post__text\">\n\t\t\t\t<h3 class=\"elementor-post__title\">\n\t\t\t<a href=\"https:\/\/carmelitengo.org\/es\/carmengo\/organizing-for-an-integral-ecology\/\" >\n\t\t\t\tOrganizarse para una ecolog\u00eda integral\t\t\t<\/a>\n\t\t<\/h3>\n\t\t\t\t<div class=\"elementor-post__meta-data\">\n\t\t\t\t\t<span class=\"elementor-post-date\">\n\t\t\t25 de febrero de 2022\t\t<\/span>\n\t\t\t\t<\/div>\n\t\t\t\t<div class=\"elementor-post__excerpt\">\n\t\t\t<p>por Kevin Ahern, PhD<\/p>\n\t\t<\/div>\n\t\t\t\t<\/div>\n\t\t\t\t<\/article>\n\t\t\t\t<article class=\"elementor-post elementor-grid-item post-474 post type-post status-publish format-standard has-post-thumbnail hentry category-carmengo\" role=\"listitem\">\n\t\t\t\t<a class=\"elementor-post__thumbnail__link\" href=\"https:\/\/carmelitengo.org\/es\/carmengo\/lessons-from-cop26-in-glasgow\/\" tabindex=\"-1\" >\n\t\t\t<div class=\"elementor-post__thumbnail\"><img loading=\"lazy\" decoding=\"async\" width=\"300\" height=\"169\" src=\"https:\/\/carmelitengo.org\/wp-content\/uploads\/2025\/01\/vol-14-4-300x169.webp\" class=\"attachment-medium size-medium wp-image-475\" alt=\"\" srcset=\"https:\/\/carmelitengo.org\/wp-content\/uploads\/2025\/01\/vol-14-4-300x169.webp 300w, https:\/\/carmelitengo.org\/wp-content\/uploads\/2025\/01\/vol-14-4-18x10.webp 18w, https:\/\/carmelitengo.org\/wp-content\/uploads\/2025\/01\/vol-14-4.webp 718w\" sizes=\"(max-width: 300px) 100vw, 300px\" \/><\/div>\n\t\t<\/a>\n\t\t\t\t<div class=\"elementor-post__text\">\n\t\t\t\t<h3 class=\"elementor-post__title\">\n\t\t\t<a href=\"https:\/\/carmelitengo.org\/es\/carmengo\/lessons-from-cop26-in-glasgow\/\" >\n\t\t\t\tLecciones de la COP26 en Glasgow\t\t\t<\/a>\n\t\t<\/h3>\n\t\t\t\t<div class=\"elementor-post__meta-data\">\n\t\t\t\t\t<span class=\"elementor-post-date\">\n\t\t\t25 de noviembre de 2021\t\t<\/span>\n\t\t\t\t<\/div>\n\t\t\t\t<div class=\"elementor-post__excerpt\">\n\t\t\t<p>por el P. EduardoAgosta Scarel, Doctor, O. Carm.<br \/>Climat\u00f3logo<\/p>\n\t\t<\/div>\n\t\t\t\t<\/div>\n\t\t\t\t<\/article>\n\t\t\t\t<article class=\"elementor-post elementor-grid-item post-500 post type-post status-publish format-standard has-post-thumbnail hentry category-carmengo\" role=\"listitem\">\n\t\t\t\t<a class=\"elementor-post__thumbnail__link\" href=\"https:\/\/carmelitengo.org\/es\/carmengo\/ecological-sin-socio-economic-vice-our-trespasses-against-nature\/\" tabindex=\"-1\" >\n\t\t\t<div class=\"elementor-post__thumbnail\"><img loading=\"lazy\" decoding=\"async\" width=\"300\" height=\"169\" src=\"https:\/\/carmelitengo.org\/wp-content\/uploads\/2025\/01\/14-3-copy-300x169.webp\" class=\"attachment-medium size-medium wp-image-501\" alt=\"\" srcset=\"https:\/\/carmelitengo.org\/wp-content\/uploads\/2025\/01\/14-3-copy-300x169.webp 300w, https:\/\/carmelitengo.org\/wp-content\/uploads\/2025\/01\/14-3-copy-18x10.webp 18w, https:\/\/carmelitengo.org\/wp-content\/uploads\/2025\/01\/14-3-copy.webp 558w\" sizes=\"(max-width: 300px) 100vw, 300px\" \/><\/div>\n\t\t<\/a>\n\t\t\t\t<div class=\"elementor-post__text\">\n\t\t\t\t<h3 class=\"elementor-post__title\">\n\t\t\t<a href=\"https:\/\/carmelitengo.org\/es\/carmengo\/ecological-sin-socio-economic-vice-our-trespasses-against-nature\/\" >\n\t\t\t\tPecado ecol\u00f3gico: el vicio socioecon\u00f3mico y nuestras transgresiones contra la naturaleza\t\t\t<\/a>\n\t\t<\/h3>\n\t\t\t\t<div class=\"elementor-post__meta-data\">\n\t\t\t\t\t<span class=\"elementor-post-date\">\n\t\t\t25 de julio de 2021\t\t<\/span>\n\t\t\t\t<\/div>\n\t\t\t\t<div class=\"elementor-post__excerpt\">\n\t\t\t<p>por Chris Durante, Doctor en Filosof\u00eda y Letras, M\u00e1ster en Ciencias. <br \/>Profesor adjunto de Teolog\u00eda, Universidad de San Pedro<\/p>\n\t\t<\/div>\n\t\t\t\t<\/div>\n\t\t\t\t<\/article>\n\t\t\t\t<article class=\"elementor-post elementor-grid-item post-511 post type-post status-publish format-standard has-post-thumbnail hentry category-carmengo\" role=\"listitem\">\n\t\t\t\t<a class=\"elementor-post__thumbnail__link\" href=\"https:\/\/carmelitengo.org\/es\/carmengo\/faith-for-nature\/\" tabindex=\"-1\" >\n\t\t\t<div class=\"elementor-post__thumbnail\"><img loading=\"lazy\" decoding=\"async\" width=\"300\" height=\"168\" src=\"https:\/\/carmelitengo.org\/wp-content\/uploads\/2025\/01\/14-2-copy-300x168.webp\" class=\"attachment-medium size-medium wp-image-512\" alt=\"\" srcset=\"https:\/\/carmelitengo.org\/wp-content\/uploads\/2025\/01\/14-2-copy-300x168.webp 300w, https:\/\/carmelitengo.org\/wp-content\/uploads\/2025\/01\/14-2-copy-768x431.webp 768w, https:\/\/carmelitengo.org\/wp-content\/uploads\/2025\/01\/14-2-copy-18x10.webp 18w, https:\/\/carmelitengo.org\/wp-content\/uploads\/2025\/01\/14-2-copy.webp 805w\" sizes=\"(max-width: 300px) 100vw, 300px\" \/><\/div>\n\t\t<\/a>\n\t\t\t\t<div class=\"elementor-post__text\">\n\t\t\t\t<h3 class=\"elementor-post__title\">\n\t\t\t<a href=\"https:\/\/carmelitengo.org\/es\/carmengo\/faith-for-nature\/\" >\n\t\t\t\tFe por la naturaleza\t\t\t<\/a>\n\t\t<\/h3>\n\t\t\t\t<div class=\"elementor-post__meta-data\">\n\t\t\t\t\t<span class=\"elementor-post-date\">\n\t\t\t25 de abril de 2021\t\t<\/span>\n\t\t\t\t<\/div>\n\t\t\t\t<div class=\"elementor-post__excerpt\">\n\t\t\t<p>por Dennis Kalob, Doctor en Filosof\u00eda<\/p>\n\t\t<\/div>\n\t\t\t\t<\/div>\n\t\t\t\t<\/article>\n\t\t\t\t<article class=\"elementor-post elementor-grid-item post-525 post type-post status-publish format-standard has-post-thumbnail hentry category-carmengo\" role=\"listitem\">\n\t\t\t\t<a class=\"elementor-post__thumbnail__link\" href=\"https:\/\/carmelitengo.org\/es\/carmengo\/impact-of-covid-19-on-human-trafficking\/\" tabindex=\"-1\" >\n\t\t\t<div class=\"elementor-post__thumbnail\"><img loading=\"lazy\" decoding=\"async\" width=\"300\" height=\"169\" src=\"https:\/\/carmelitengo.org\/wp-content\/uploads\/2025\/01\/14-1-copy-300x169.webp\" class=\"attachment-medium size-medium wp-image-526\" alt=\"\" srcset=\"https:\/\/carmelitengo.org\/wp-content\/uploads\/2025\/01\/14-1-copy-300x169.webp 300w, https:\/\/carmelitengo.org\/wp-content\/uploads\/2025\/01\/14-1-copy-18x10.webp 18w, https:\/\/carmelitengo.org\/wp-content\/uploads\/2025\/01\/14-1-copy.webp 423w\" sizes=\"(max-width: 300px) 100vw, 300px\" \/><\/div>\n\t\t<\/a>\n\t\t\t\t<div class=\"elementor-post__text\">\n\t\t\t\t<h3 class=\"elementor-post__title\">\n\t\t\t<a href=\"https:\/\/carmelitengo.org\/es\/carmengo\/impact-of-covid-19-on-human-trafficking\/\" >\n\t\t\t\tImpacto de COVID-19 en la trata de seres humanos\t\t\t<\/a>\n\t\t<\/h3>\n\t\t\t\t<div class=\"elementor-post__meta-data\">\n\t\t\t\t\t<span class=\"elementor-post-date\">\n\t\t\t25 de enero de 2021\t\t<\/span>\n\t\t\t\t<\/div>\n\t\t\t\t<div class=\"elementor-post__excerpt\">\n\t\t\t<p>por Sor Annah Theresa Nyadombo, HLOMC , PhD<\/p>\n\t\t<\/div>\n\t\t\t\t<\/div>\n\t\t\t\t<\/article>\n\t\t\t\t<article class=\"elementor-post elementor-grid-item post-534 post type-post status-publish format-standard has-post-thumbnail hentry category-carmengo\" role=\"listitem\">\n\t\t\t\t<a class=\"elementor-post__thumbnail__link\" href=\"https:\/\/carmelitengo.org\/es\/carmengo\/from-pandemic-to-climate-change\/\" tabindex=\"-1\" >\n\t\t\t<div class=\"elementor-post__thumbnail\"><img loading=\"lazy\" decoding=\"async\" width=\"300\" height=\"169\" src=\"https:\/\/carmelitengo.org\/wp-content\/uploads\/2025\/01\/2020-Especial-copy-300x169.webp\" class=\"attachment-medium size-medium wp-image-535\" alt=\"\" srcset=\"https:\/\/carmelitengo.org\/wp-content\/uploads\/2025\/01\/2020-Especial-copy-300x169.webp 300w, https:\/\/carmelitengo.org\/wp-content\/uploads\/2025\/01\/2020-Especial-copy-768x432.webp 768w, https:\/\/carmelitengo.org\/wp-content\/uploads\/2025\/01\/2020-Especial-copy-18x10.webp 18w, https:\/\/carmelitengo.org\/wp-content\/uploads\/2025\/01\/2020-Especial-copy.webp 904w\" sizes=\"(max-width: 300px) 100vw, 300px\" \/><\/div>\n\t\t<\/a>\n\t\t\t\t<div class=\"elementor-post__text\">\n\t\t\t\t<h3 class=\"elementor-post__title\">\n\t\t\t<a href=\"https:\/\/carmelitengo.org\/es\/carmengo\/from-pandemic-to-climate-change\/\" >\n\t\t\t\tDe la pandemia al cambio clim\u00e1tico\t\t\t<\/a>\n\t\t<\/h3>\n\t\t\t\t<div class=\"elementor-post__meta-data\">\n\t\t\t\t\t<span class=\"elementor-post-date\">\n\t\t\t27 de diciembre de 2020\t\t<\/span>\n\t\t\t\t<\/div>\n\t\t\t\t<div class=\"elementor-post__excerpt\">\n\t\t\t<p>por P. Eduardo Agosta Scarel, O Carm, PhD<\/p>\n\t\t<\/div>\n\t\t\t\t<\/div>\n\t\t\t\t<\/article>\n\t\t\t\t<article class=\"elementor-post elementor-grid-item post-554 post type-post status-publish format-standard has-post-thumbnail hentry category-carmengo\" role=\"listitem\">\n\t\t\t\t<a class=\"elementor-post__thumbnail__link\" href=\"https:\/\/carmelitengo.org\/es\/carmengo\/an-expanding-spirit-of-democracy\/\" tabindex=\"-1\" >\n\t\t\t<div class=\"elementor-post__thumbnail\"><img loading=\"lazy\" decoding=\"async\" width=\"300\" height=\"169\" src=\"https:\/\/carmelitengo.org\/wp-content\/uploads\/2025\/01\/vol-13-4-copy-300x169.webp\" class=\"attachment-medium size-medium wp-image-555\" alt=\"\" srcset=\"https:\/\/carmelitengo.org\/wp-content\/uploads\/2025\/01\/vol-13-4-copy-300x169.webp 300w, https:\/\/carmelitengo.org\/wp-content\/uploads\/2025\/01\/vol-13-4-copy-768x432.webp 768w, https:\/\/carmelitengo.org\/wp-content\/uploads\/2025\/01\/vol-13-4-copy-18x10.webp 18w, https:\/\/carmelitengo.org\/wp-content\/uploads\/2025\/01\/vol-13-4-copy.webp 858w\" sizes=\"(max-width: 300px) 100vw, 300px\" \/><\/div>\n\t\t<\/a>\n\t\t\t\t<div class=\"elementor-post__text\">\n\t\t\t\t<h3 class=\"elementor-post__title\">\n\t\t\t<a href=\"https:\/\/carmelitengo.org\/es\/carmengo\/an-expanding-spirit-of-democracy\/\" >\n\t\t\t\tUn esp\u00edritu democr\u00e1tico en expansi\u00f3n\t\t\t<\/a>\n\t\t<\/h3>\n\t\t\t\t<div class=\"elementor-post__meta-data\">\n\t\t\t\t\t<span class=\"elementor-post-date\">\n\t\t\t27 de noviembre de 2020\t\t<\/span>\n\t\t\t\t<\/div>\n\t\t\t\t<div class=\"elementor-post__excerpt\">\n\t\t\t<p>por la Dra. Mary Evelyn Tucker<\/p>\n\t\t<\/div>\n\t\t\t\t<\/div>\n\t\t\t\t<\/article>\n\t\t\t\t<article class=\"elementor-post elementor-grid-item post-569 post type-post status-publish format-standard has-post-thumbnail hentry category-carmengo\" role=\"listitem\">\n\t\t\t\t<a class=\"elementor-post__thumbnail__link\" href=\"https:\/\/carmelitengo.org\/es\/carmengo\/an-ecumenical-interfaith-perspective-on-social-ecological-justice\/\" tabindex=\"-1\" >\n\t\t\t<div class=\"elementor-post__thumbnail\"><img loading=\"lazy\" decoding=\"async\" width=\"300\" height=\"169\" src=\"https:\/\/carmelitengo.org\/wp-content\/uploads\/2025\/01\/13-3-copy-300x169.webp\" class=\"attachment-medium size-medium wp-image-570\" alt=\"\" srcset=\"https:\/\/carmelitengo.org\/wp-content\/uploads\/2025\/01\/13-3-copy-300x169.webp 300w, https:\/\/carmelitengo.org\/wp-content\/uploads\/2025\/01\/13-3-copy-768x432.webp 768w, https:\/\/carmelitengo.org\/wp-content\/uploads\/2025\/01\/13-3-copy-18x10.webp 18w, https:\/\/carmelitengo.org\/wp-content\/uploads\/2025\/01\/13-3-copy.webp 829w\" sizes=\"(max-width: 300px) 100vw, 300px\" \/><\/div>\n\t\t<\/a>\n\t\t\t\t<div class=\"elementor-post__text\">\n\t\t\t\t<h3 class=\"elementor-post__title\">\n\t\t\t<a href=\"https:\/\/carmelitengo.org\/es\/carmengo\/an-ecumenical-interfaith-perspective-on-social-ecological-justice\/\" >\n\t\t\t\tUna perspectiva ecum\u00e9nica e interreligiosa de la justicia social y ecol\u00f3gica\t\t\t<\/a>\n\t\t<\/h3>\n\t\t\t\t<div class=\"elementor-post__meta-data\">\n\t\t\t\t\t<span class=\"elementor-post-date\">\n\t\t\t27 de octubre de 2020\t\t<\/span>\n\t\t\t\t<\/div>\n\t\t\t\t<div class=\"elementor-post__excerpt\">\n\t\t\t<p>por Chris Durante, PhD, MA, M.Sc.<br \/> Profesora adjunta del Departamento de Teolog\u00eda<br \/>\nUniversidad de San Pedro<\/p>\n\t\t<\/div>\n\t\t\t\t<\/div>\n\t\t\t\t<\/article>\n\t\t\t\t<article class=\"elementor-post elementor-grid-item post-584 post type-post status-publish format-standard has-post-thumbnail hentry category-carmengo\" role=\"listitem\">\n\t\t\t\t<a class=\"elementor-post__thumbnail__link\" href=\"https:\/\/carmelitengo.org\/es\/carmengo\/pope-francis-visits-the-border-of-el-paso-texas-juarez-mexico\/\" tabindex=\"-1\" >\n\t\t\t<div class=\"elementor-post__thumbnail\"><img loading=\"lazy\" decoding=\"async\" width=\"300\" height=\"169\" src=\"https:\/\/carmelitengo.org\/wp-content\/uploads\/2025\/01\/vol-13-2-copy-300x169.webp\" class=\"attachment-medium size-medium wp-image-585\" alt=\"\" srcset=\"https:\/\/carmelitengo.org\/wp-content\/uploads\/2025\/01\/vol-13-2-copy-300x169.webp 300w, https:\/\/carmelitengo.org\/wp-content\/uploads\/2025\/01\/vol-13-2-copy-768x432.webp 768w, https:\/\/carmelitengo.org\/wp-content\/uploads\/2025\/01\/vol-13-2-copy-18x10.webp 18w, https:\/\/carmelitengo.org\/wp-content\/uploads\/2025\/01\/vol-13-2-copy.webp 812w\" sizes=\"(max-width: 300px) 100vw, 300px\" \/><\/div>\n\t\t<\/a>\n\t\t\t\t<div class=\"elementor-post__text\">\n\t\t\t\t<h3 class=\"elementor-post__title\">\n\t\t\t<a href=\"https:\/\/carmelitengo.org\/es\/carmengo\/pope-francis-visits-the-border-of-el-paso-texas-juarez-mexico\/\" >\n\t\t\t\tEl Papa Francisco visita la frontera entre El Paso (Texas) y Ju\u00e1rez (M\u00e9xico)\t\t\t<\/a>\n\t\t<\/h3>\n\t\t\t\t<div class=\"elementor-post__meta-data\">\n\t\t\t\t\t<span class=\"elementor-post-date\">\n\t\t\t27 de abril de 2020\t\t<\/span>\n\t\t\t\t<\/div>\n\t\t\t\t<div class=\"elementor-post__excerpt\">\n\t\t\t<p>por Jane Remson O.Carm.<\/p>\n\t\t<\/div>\n\t\t\t\t<\/div>\n\t\t\t\t<\/article>\n\t\t\t\t<article class=\"elementor-post elementor-grid-item post-595 post type-post status-publish format-standard has-post-thumbnail hentry category-carmengo\" role=\"listitem\">\n\t\t\t\t<a class=\"elementor-post__thumbnail__link\" href=\"https:\/\/carmelitengo.org\/es\/carmengo\/the-carmelite-ngo-our-united-nations-ministry\/\" tabindex=\"-1\" >\n\t\t\t<div class=\"elementor-post__thumbnail\"><img loading=\"lazy\" decoding=\"async\" width=\"300\" height=\"169\" src=\"https:\/\/carmelitengo.org\/wp-content\/uploads\/2025\/01\/January-2020-copy-300x169.webp\" class=\"attachment-medium size-medium wp-image-596\" alt=\"\" srcset=\"https:\/\/carmelitengo.org\/wp-content\/uploads\/2025\/01\/January-2020-copy-300x169.webp 300w, https:\/\/carmelitengo.org\/wp-content\/uploads\/2025\/01\/January-2020-copy-18x10.webp 18w, https:\/\/carmelitengo.org\/wp-content\/uploads\/2025\/01\/January-2020-copy.webp 567w\" sizes=\"(max-width: 300px) 100vw, 300px\" \/><\/div>\n\t\t<\/a>\n\t\t\t\t<div class=\"elementor-post__text\">\n\t\t\t\t<h3 class=\"elementor-post__title\">\n\t\t\t<a href=\"https:\/\/carmelitengo.org\/es\/carmengo\/the-carmelite-ngo-our-united-nations-ministry\/\" >\n\t\t\t\tLa ONG carmelita: Nuestro Ministerio en las Naciones Unidas\t\t\t<\/a>\n\t\t<\/h3>\n\t\t\t\t<div class=\"elementor-post__meta-data\">\n\t\t\t\t\t<span class=\"elementor-post-date\">\n\t\t\t28 de enero de 2020\t\t<\/span>\n\t\t\t\t<\/div>\n\t\t\t\t<div class=\"elementor-post__excerpt\">\n\t\t\t<p>por Dennis Kalob, Doctor en Filosof\u00eda<\/p>\n\t\t<\/div>\n\t\t\t\t<\/div>\n\t\t\t\t<\/article>\n\t\t\t\t<article class=\"elementor-post elementor-grid-item post-609 post type-post status-publish format-standard has-post-thumbnail hentry category-carmengo\" role=\"listitem\">\n\t\t\t\t<a class=\"elementor-post__thumbnail__link\" href=\"https:\/\/carmelitengo.org\/es\/carmengo\/cop25-with-great-expectations\/\" tabindex=\"-1\" >\n\t\t\t<div class=\"elementor-post__thumbnail\"><img loading=\"lazy\" decoding=\"async\" width=\"300\" height=\"168\" src=\"https:\/\/carmelitengo.org\/wp-content\/uploads\/2025\/01\/COP25-300x168.webp\" class=\"attachment-medium size-medium wp-image-610\" alt=\"\" srcset=\"https:\/\/carmelitengo.org\/wp-content\/uploads\/2025\/01\/COP25-300x168.webp 300w, https:\/\/carmelitengo.org\/wp-content\/uploads\/2025\/01\/COP25-18x10.webp 18w, https:\/\/carmelitengo.org\/wp-content\/uploads\/2025\/01\/COP25.webp 464w\" sizes=\"(max-width: 300px) 100vw, 300px\" \/><\/div>\n\t\t<\/a>\n\t\t\t\t<div class=\"elementor-post__text\">\n\t\t\t\t<h3 class=\"elementor-post__title\">\n\t\t\t<a href=\"https:\/\/carmelitengo.org\/es\/carmengo\/cop25-with-great-expectations\/\" >\n\t\t\t\tCOP25, con grandes expectativas\t\t\t<\/a>\n\t\t<\/h3>\n\t\t\t\t<div class=\"elementor-post__meta-data\">\n\t\t\t\t\t<span class=\"elementor-post-date\">\n\t\t\t30 de noviembre de 2019\t\t<\/span>\n\t\t\t\t<\/div>\n\t\t\t\t<div class=\"elementor-post__excerpt\">\n\t\t\t<p>por P. Eduardo Agosta Scarel, O Carm, PhD<br \/>\nCambio clim\u00e1tico y salud por Sor Jane Remson, O.Carm.<\/p>\n\t\t<\/div>\n\t\t\t\t<\/div>\n\t\t\t\t<\/article>\n\t\t\t\t<article class=\"elementor-post elementor-grid-item post-629 post type-post status-publish format-standard has-post-thumbnail hentry category-carmengo\" role=\"listitem\">\n\t\t\t\t<a class=\"elementor-post__thumbnail__link\" href=\"https:\/\/carmelitengo.org\/es\/carmengo\/as-a-person-of-faith\/\" tabindex=\"-1\" >\n\t\t\t<div class=\"elementor-post__thumbnail\"><img loading=\"lazy\" decoding=\"async\" width=\"300\" height=\"169\" src=\"https:\/\/carmelitengo.org\/wp-content\/uploads\/2025\/01\/PersonFaith-300x169.webp\" class=\"attachment-medium size-medium wp-image-630\" alt=\"\" srcset=\"https:\/\/carmelitengo.org\/wp-content\/uploads\/2025\/01\/PersonFaith-300x169.webp 300w, https:\/\/carmelitengo.org\/wp-content\/uploads\/2025\/01\/PersonFaith-18x10.webp 18w, https:\/\/carmelitengo.org\/wp-content\/uploads\/2025\/01\/PersonFaith.webp 461w\" sizes=\"(max-width: 300px) 100vw, 300px\" \/><\/div>\n\t\t<\/a>\n\t\t\t\t<div class=\"elementor-post__text\">\n\t\t\t\t<h3 class=\"elementor-post__title\">\n\t\t\t<a href=\"https:\/\/carmelitengo.org\/es\/carmengo\/as-a-person-of-faith\/\" >\n\t\t\t\tComo persona de fe\t\t\t<\/a>\n\t\t<\/h3>\n\t\t\t\t<div class=\"elementor-post__meta-data\">\n\t\t\t\t\t<span class=\"elementor-post-date\">\n\t\t\t30 de agosto de 2019\t\t<\/span>\n\t\t\t\t<\/div>\n\t\t\t\t<div class=\"elementor-post__excerpt\">\n\t\t\t<p>por Donna Smith<br \/>\nUna crisis compleja | por Sor Jane Remson, O.Carm<br \/>\nCuidado del medio ambiente | por F.X. Hariawan Adji <\/p>\n\t\t<\/div>\n\t\t\t\t<\/div>\n\t\t\t\t<\/article>\n\t\t\t\t<article class=\"elementor-post elementor-grid-item post-646 post type-post status-publish format-standard has-post-thumbnail hentry category-carmengo\" role=\"listitem\">\n\t\t\t\t<a class=\"elementor-post__thumbnail__link\" href=\"https:\/\/carmelitengo.org\/es\/carmengo\/course-on-leadership-in-multi-religious-community-of-indonesia\/\" tabindex=\"-1\" >\n\t\t\t<div class=\"elementor-post__thumbnail\"><img loading=\"lazy\" decoding=\"async\" width=\"300\" height=\"169\" src=\"https:\/\/carmelitengo.org\/wp-content\/uploads\/2019\/01\/Indonesia-300x169.webp\" class=\"attachment-medium size-medium wp-image-662\" alt=\"\" srcset=\"https:\/\/carmelitengo.org\/wp-content\/uploads\/2019\/01\/Indonesia-300x169.webp 300w, https:\/\/carmelitengo.org\/wp-content\/uploads\/2019\/01\/Indonesia-18x10.webp 18w, https:\/\/carmelitengo.org\/wp-content\/uploads\/2019\/01\/Indonesia.webp 307w\" sizes=\"(max-width: 300px) 100vw, 300px\" \/><\/div>\n\t\t<\/a>\n\t\t\t\t<div class=\"elementor-post__text\">\n\t\t\t\t<h3 class=\"elementor-post__title\">\n\t\t\t<a href=\"https:\/\/carmelitengo.org\/es\/carmengo\/course-on-leadership-in-multi-religious-community-of-indonesia\/\" >\n\t\t\t\tCurso sobre liderazgo en la comunidad multirreligiosa de Indonesia\t\t\t<\/a>\n\t\t<\/h3>\n\t\t\t\t<div class=\"elementor-post__meta-data\">\n\t\t\t\t\t<span class=\"elementor-post-date\">\n\t\t\t30 de julio de 2019\t\t<\/span>\n\t\t\t\t<\/div>\n\t\t\t\t<div class=\"elementor-post__excerpt\">\n\t\t\t<p>por P. Hariawan Adji, O.Carm.<\/p>\n\t\t<\/div>\n\t\t\t\t<\/div>\n\t\t\t\t<\/article>\n\t\t\t\t<article class=\"elementor-post elementor-grid-item post-700 post type-post status-publish format-standard has-post-thumbnail hentry category-carmengo\" role=\"listitem\">\n\t\t\t\t<a class=\"elementor-post__thumbnail__link\" href=\"https:\/\/carmelitengo.org\/es\/carmengo\/elementor-700\/\" tabindex=\"-1\" >\n\t\t\t<div class=\"elementor-post__thumbnail\"><img loading=\"lazy\" decoding=\"async\" width=\"300\" height=\"175\" src=\"https:\/\/carmelitengo.org\/wp-content\/uploads\/2018\/10\/Screenshot-2025-02-16-at-4.31.02\u202fPM-300x175.webp\" class=\"attachment-medium size-medium wp-image-693\" alt=\"\" srcset=\"https:\/\/carmelitengo.org\/wp-content\/uploads\/2018\/10\/Screenshot-2025-02-16-at-4.31.02\u202fPM-300x175.webp 300w, https:\/\/carmelitengo.org\/wp-content\/uploads\/2018\/10\/Screenshot-2025-02-16-at-4.31.02\u202fPM-18x12.webp 18w, https:\/\/carmelitengo.org\/wp-content\/uploads\/2018\/10\/Screenshot-2025-02-16-at-4.31.02\u202fPM.webp 444w\" sizes=\"(max-width: 300px) 100vw, 300px\" \/><\/div>\n\t\t<\/a>\n\t\t\t\t<div class=\"elementor-post__text\">\n\t\t\t\t<h3 class=\"elementor-post__title\">\n\t\t\t<a href=\"https:\/\/carmelitengo.org\/es\/carmengo\/elementor-700\/\" >\n\t\t\t\tCambio clim\u00e1tico y COP24 en Katowice\t\t\t<\/a>\n\t\t<\/h3>\n\t\t\t\t<div class=\"elementor-post__meta-data\">\n\t\t\t\t\t<span class=\"elementor-post-date\">\n\t\t\t16 de octubre de 2018\t\t<\/span>\n\t\t\t\t<\/div>\n\t\t\t\t<div class=\"elementor-post__excerpt\">\n\t\t\t<p>por Renato Ralllo<br \/>\nEl estado del clima de la Tierra en 2018-2019 por Eduardo Agosta Sccarel, O.Carm.<\/p>\n\t\t<\/div>\n\t\t\t\t<\/div>\n\t\t\t\t<\/article>\n\t\t\t\t<article class=\"elementor-post elementor-grid-item post-711 post type-post status-publish format-standard has-post-thumbnail hentry category-carmengo\" role=\"listitem\">\n\t\t\t\t<a class=\"elementor-post__thumbnail__link\" href=\"https:\/\/carmelitengo.org\/es\/carmengo\/laudato-si-curriculum-for-secondary-education\/\" tabindex=\"-1\" >\n\t\t\t<div class=\"elementor-post__thumbnail\"><img loading=\"lazy\" decoding=\"async\" width=\"300\" height=\"147\" src=\"https:\/\/carmelitengo.org\/wp-content\/uploads\/2018\/05\/Screenshot-2025-02-16-at-6.06.13\u202fPM-300x147.png\" class=\"attachment-medium size-medium wp-image-723\" alt=\"\" srcset=\"https:\/\/carmelitengo.org\/wp-content\/uploads\/2018\/05\/Screenshot-2025-02-16-at-6.06.13\u202fPM-300x147.png 300w, https:\/\/carmelitengo.org\/wp-content\/uploads\/2018\/05\/Screenshot-2025-02-16-at-6.06.13\u202fPM-18x9.png 18w, https:\/\/carmelitengo.org\/wp-content\/uploads\/2018\/05\/Screenshot-2025-02-16-at-6.06.13\u202fPM.png 595w\" sizes=\"(max-width: 300px) 100vw, 300px\" \/><\/div>\n\t\t<\/a>\n\t\t\t\t<div class=\"elementor-post__text\">\n\t\t\t\t<h3 class=\"elementor-post__title\">\n\t\t\t<a href=\"https:\/\/carmelitengo.org\/es\/carmengo\/laudato-si-curriculum-for-secondary-education\/\" >\n\t\t\t\tLaudato Si - Plan de estudios para la ense\u00f1anza secundaria\t\t\t<\/a>\n\t\t<\/h3>\n\t\t\t\t<div class=\"elementor-post__meta-data\">\n\t\t\t\t\t<span class=\"elementor-post-date\">\n\t\t\t16 de mayo de 2018\t\t<\/span>\n\t\t\t\t<\/div>\n\t\t\t\t<div class=\"elementor-post__excerpt\">\n\t\t\t<p>por Rolf Nepi Willemsen, O.Carm.<\/p>\n\t\t<\/div>\n\t\t\t\t<\/div>\n\t\t\t\t<\/article>\n\t\t\t\t<article class=\"elementor-post elementor-grid-item post-730 post type-post status-publish format-standard has-post-thumbnail hentry category-carmengo\" role=\"listitem\">\n\t\t\t\t<a class=\"elementor-post__thumbnail__link\" href=\"https:\/\/carmelitengo.org\/es\/carmengo\/trafficking-of-people-what-the-world-community-is-doing-about-it-will-you-join-us\/\" tabindex=\"-1\" >\n\t\t\t<div class=\"elementor-post__thumbnail\"><img loading=\"lazy\" decoding=\"async\" width=\"300\" height=\"191\" src=\"https:\/\/carmelitengo.org\/wp-content\/uploads\/2025\/02\/Screenshot-2025-02-16-at-4.06.01\u202fPM-300x191.webp\" class=\"attachment-medium size-medium wp-image-679\" alt=\"\" srcset=\"https:\/\/carmelitengo.org\/wp-content\/uploads\/2025\/02\/Screenshot-2025-02-16-at-4.06.01\u202fPM-300x191.webp 300w, https:\/\/carmelitengo.org\/wp-content\/uploads\/2025\/02\/Screenshot-2025-02-16-at-4.06.01\u202fPM-18x12.webp 18w, https:\/\/carmelitengo.org\/wp-content\/uploads\/2025\/02\/Screenshot-2025-02-16-at-4.06.01\u202fPM.webp 406w\" sizes=\"(max-width: 300px) 100vw, 300px\" \/><\/div>\n\t\t<\/a>\n\t\t\t\t<div class=\"elementor-post__text\">\n\t\t\t\t<h3 class=\"elementor-post__title\">\n\t\t\t<a href=\"https:\/\/carmelitengo.org\/es\/carmengo\/trafficking-of-people-what-the-world-community-is-doing-about-it-will-you-join-us\/\" >\n\t\t\t\tTrata de personas: Qu\u00e9 est\u00e1 haciendo la comunidad mundial al respecto. \u00bfTe unes a nosotros?\t\t\t<\/a>\n\t\t<\/h3>\n\t\t\t\t<div class=\"elementor-post__meta-data\">\n\t\t\t\t\t<span class=\"elementor-post-date\">\n\t\t\t16 de enero de 2018\t\t<\/span>\n\t\t\t\t<\/div>\n\t\t\t\t<div class=\"elementor-post__excerpt\">\n\t\t\t<p>por Rev. Thomas E. Brennan, S.D.B.<\/p>\n\t\t<\/div>\n\t\t\t\t<\/div>\n\t\t\t\t<\/article>\n\t\t\t\t<article class=\"elementor-post elementor-grid-item post-742 post type-post status-publish format-standard has-post-thumbnail hentry category-carmengo\" role=\"listitem\">\n\t\t\t\t<a class=\"elementor-post__thumbnail__link\" href=\"https:\/\/carmelitengo.org\/es\/carmengo\/a-crossroad-for-migrants-and-refugees-human-trafficking\/\" tabindex=\"-1\" >\n\t\t\t<div class=\"elementor-post__thumbnail\"><img loading=\"lazy\" decoding=\"async\" width=\"300\" height=\"153\" src=\"https:\/\/carmelitengo.org\/wp-content\/uploads\/2017\/11\/Screenshot-2025-02-16-at-7.09.28\u202fPM-300x153.png\" class=\"attachment-medium size-medium wp-image-746\" alt=\"\" srcset=\"https:\/\/carmelitengo.org\/wp-content\/uploads\/2017\/11\/Screenshot-2025-02-16-at-7.09.28\u202fPM-300x153.png 300w, https:\/\/carmelitengo.org\/wp-content\/uploads\/2017\/11\/Screenshot-2025-02-16-at-7.09.28\u202fPM-18x9.png 18w, https:\/\/carmelitengo.org\/wp-content\/uploads\/2017\/11\/Screenshot-2025-02-16-at-7.09.28\u202fPM.png 521w\" sizes=\"(max-width: 300px) 100vw, 300px\" \/><\/div>\n\t\t<\/a>\n\t\t\t\t<div class=\"elementor-post__text\">\n\t\t\t\t<h3 class=\"elementor-post__title\">\n\t\t\t<a href=\"https:\/\/carmelitengo.org\/es\/carmengo\/a-crossroad-for-migrants-and-refugees-human-trafficking\/\" >\n\t\t\t\tUna encrucijada para migrantes y refugiados: Trata de seres humanos\t\t\t<\/a>\n\t\t<\/h3>\n\t\t\t\t<div class=\"elementor-post__meta-data\">\n\t\t\t\t\t<span class=\"elementor-post-date\">\n\t\t\t17 de noviembre de 2017\t\t<\/span>\n\t\t\t\t<\/div>\n\t\t\t\t<div class=\"elementor-post__excerpt\">\n\t\t\t<p>\u00a0por Eduardo Agosta Scarel, O.Carm.<\/p>\n\t\t<\/div>\n\t\t\t\t<\/div>\n\t\t\t\t<\/article>\n\t\t\t\t<article class=\"elementor-post elementor-grid-item post-762 post type-post status-publish format-standard has-post-thumbnail hentry category-carmengo\" role=\"listitem\">\n\t\t\t\t<a class=\"elementor-post__thumbnail__link\" href=\"https:\/\/carmelitengo.org\/es\/carmengo\/we-are-called-to-learn-and-to-teach-challenging-global-social-and-environmental-problems\/\" tabindex=\"-1\" >\n\t\t\t<div class=\"elementor-post__thumbnail\"><img loading=\"lazy\" decoding=\"async\" width=\"300\" height=\"196\" src=\"https:\/\/carmelitengo.org\/wp-content\/uploads\/2017\/09\/Screenshot-2025-02-16-at-7.08.56\u202fPM-300x196.png\" class=\"attachment-medium size-medium wp-image-768\" alt=\"\" srcset=\"https:\/\/carmelitengo.org\/wp-content\/uploads\/2017\/09\/Screenshot-2025-02-16-at-7.08.56\u202fPM-300x196.png 300w, https:\/\/carmelitengo.org\/wp-content\/uploads\/2017\/09\/Screenshot-2025-02-16-at-7.08.56\u202fPM-18x12.png 18w, https:\/\/carmelitengo.org\/wp-content\/uploads\/2017\/09\/Screenshot-2025-02-16-at-7.08.56\u202fPM.png 591w\" sizes=\"(max-width: 300px) 100vw, 300px\" \/><\/div>\n\t\t<\/a>\n\t\t\t\t<div class=\"elementor-post__text\">\n\t\t\t\t<h3 class=\"elementor-post__title\">\n\t\t\t<a href=\"https:\/\/carmelitengo.org\/es\/carmengo\/we-are-called-to-learn-and-to-teach-challenging-global-social-and-environmental-problems\/\" >\n\t\t\t\tEstamos llamados a aprender y a ense\u00f1ar: Desafiar los problemas sociales y medioambientales mundiales\t\t\t<\/a>\n\t\t<\/h3>\n\t\t\t\t<div class=\"elementor-post__meta-data\">\n\t\t\t\t\t<span class=\"elementor-post-date\">\n\t\t\t17 de septiembre de 2017\t\t<\/span>\n\t\t\t\t<\/div>\n\t\t\t\t<div class=\"elementor-post__excerpt\">\n\t\t\t<p>por Dennis Kalob, PhD<\/p>\n\t\t<\/div>\n\t\t\t\t<\/div>\n\t\t\t\t<\/article>\n\t\t\t\t<article class=\"elementor-post elementor-grid-item post-772 post type-post status-publish format-standard has-post-thumbnail hentry category-carmengo\" role=\"listitem\">\n\t\t\t\t<a class=\"elementor-post__thumbnail__link\" href=\"https:\/\/carmelitengo.org\/es\/carmengo\/inter-religious-dialogue-a-must-in-our-multi-religious-world\/\" tabindex=\"-1\" >\n\t\t\t<div class=\"elementor-post__thumbnail\"><img loading=\"lazy\" decoding=\"async\" width=\"300\" height=\"214\" src=\"https:\/\/carmelitengo.org\/wp-content\/uploads\/2017\/03\/Screenshot-2025-02-16-at-7.08.22\u202fPM-300x214.png\" class=\"attachment-medium size-medium wp-image-775\" alt=\"\" srcset=\"https:\/\/carmelitengo.org\/wp-content\/uploads\/2017\/03\/Screenshot-2025-02-16-at-7.08.22\u202fPM-300x214.png 300w, https:\/\/carmelitengo.org\/wp-content\/uploads\/2017\/03\/Screenshot-2025-02-16-at-7.08.22\u202fPM-18x12.png 18w, https:\/\/carmelitengo.org\/wp-content\/uploads\/2017\/03\/Screenshot-2025-02-16-at-7.08.22\u202fPM.png 592w\" sizes=\"(max-width: 300px) 100vw, 300px\" \/><\/div>\n\t\t<\/a>\n\t\t\t\t<div class=\"elementor-post__text\">\n\t\t\t\t<h3 class=\"elementor-post__title\">\n\t\t\t<a href=\"https:\/\/carmelitengo.org\/es\/carmengo\/inter-religious-dialogue-a-must-in-our-multi-religious-world\/\" >\n\t\t\t\tDi\u00e1logo interreligioso: Una necesidad en nuestro mundo multirreligioso\t\t\t<\/a>\n\t\t<\/h3>\n\t\t\t\t<div class=\"elementor-post__meta-data\">\n\t\t\t\t\t<span class=\"elementor-post-date\">\n\t\t\t17 de marzo de 2017\t\t<\/span>\n\t\t\t\t<\/div>\n\t\t\t\t<div class=\"elementor-post__excerpt\">\n\t\t\t<p>por Hariwan Adji, O.Carm.<\/p>\n\t\t<\/div>\n\t\t\t\t<\/div>\n\t\t\t\t<\/article>\n\t\t\t\t<article class=\"elementor-post elementor-grid-item post-782 post type-post status-publish format-standard has-post-thumbnail hentry category-carmengo\" role=\"listitem\">\n\t\t\t\t<a class=\"elementor-post__thumbnail__link\" href=\"https:\/\/carmelitengo.org\/es\/carmengo\/the-urban-challenge\/\" tabindex=\"-1\" >\n\t\t\t<div class=\"elementor-post__thumbnail\"><img loading=\"lazy\" decoding=\"async\" width=\"300\" height=\"139\" src=\"https:\/\/carmelitengo.org\/wp-content\/uploads\/2017\/01\/Screenshot-2025-02-16-at-7.08.10\u202fPM-300x139.png\" class=\"attachment-medium size-medium wp-image-785\" alt=\"\" srcset=\"https:\/\/carmelitengo.org\/wp-content\/uploads\/2017\/01\/Screenshot-2025-02-16-at-7.08.10\u202fPM-300x139.png 300w, https:\/\/carmelitengo.org\/wp-content\/uploads\/2017\/01\/Screenshot-2025-02-16-at-7.08.10\u202fPM-18x8.png 18w, https:\/\/carmelitengo.org\/wp-content\/uploads\/2017\/01\/Screenshot-2025-02-16-at-7.08.10\u202fPM.png 595w\" sizes=\"(max-width: 300px) 100vw, 300px\" \/><\/div>\n\t\t<\/a>\n\t\t\t\t<div class=\"elementor-post__text\">\n\t\t\t\t<h3 class=\"elementor-post__title\">\n\t\t\t<a href=\"https:\/\/carmelitengo.org\/es\/carmengo\/the-urban-challenge\/\" >\n\t\t\t\tEl reto urbano\t\t\t<\/a>\n\t\t<\/h3>\n\t\t\t\t<div class=\"elementor-post__meta-data\">\n\t\t\t\t\t<span class=\"elementor-post-date\">\n\t\t\t17 de enero de 2017\t\t<\/span>\n\t\t\t\t<\/div>\n\t\t\t\t<div class=\"elementor-post__excerpt\">\n\t\t\t<p>por Renato Rallo<\/p>\n\t\t<\/div>\n\t\t\t\t<\/div>\n\t\t\t\t<\/article>\n\t\t\t\t<article class=\"elementor-post elementor-grid-item post-789 post type-post status-publish format-standard has-post-thumbnail hentry category-carmengo\" role=\"listitem\">\n\t\t\t\t<a class=\"elementor-post__thumbnail__link\" href=\"https:\/\/carmelitengo.org\/es\/carmengo\/responding-with-action-against-human-trafficking-in-africa-and-around-the-world\/\" tabindex=\"-1\" >\n\t\t\t<div class=\"elementor-post__thumbnail\"><img loading=\"lazy\" decoding=\"async\" width=\"300\" height=\"195\" src=\"https:\/\/carmelitengo.org\/wp-content\/uploads\/2025\/02\/Screenshot-2025-02-17-at-6.20.08\u202fPM-300x195.png\" class=\"attachment-medium size-medium wp-image-790\" alt=\"\" srcset=\"https:\/\/carmelitengo.org\/wp-content\/uploads\/2025\/02\/Screenshot-2025-02-17-at-6.20.08\u202fPM-300x195.png 300w, https:\/\/carmelitengo.org\/wp-content\/uploads\/2025\/02\/Screenshot-2025-02-17-at-6.20.08\u202fPM-18x12.png 18w, https:\/\/carmelitengo.org\/wp-content\/uploads\/2025\/02\/Screenshot-2025-02-17-at-6.20.08\u202fPM.png 593w\" sizes=\"(max-width: 300px) 100vw, 300px\" \/><\/div>\n\t\t<\/a>\n\t\t\t\t<div class=\"elementor-post__text\">\n\t\t\t\t<h3 class=\"elementor-post__title\">\n\t\t\t<a href=\"https:\/\/carmelitengo.org\/es\/carmengo\/responding-with-action-against-human-trafficking-in-africa-and-around-the-world\/\" >\n\t\t\t\tActuar contra la trata de seres humanos en \u00c1frica y en todo el mundo\t\t\t<\/a>\n\t\t<\/h3>\n\t\t\t\t<div class=\"elementor-post__meta-data\">\n\t\t\t\t\t<span class=\"elementor-post-date\">\n\t\t\t17 de diciembre de 2016\t\t<\/span>\n\t\t\t\t<\/div>\n\t\t\t\t<div class=\"elementor-post__excerpt\">\n\t\t\t<p>por Annah Theresa Nyadombo, HOLMC<\/p>\n\t\t<\/div>\n\t\t\t\t<\/div>\n\t\t\t\t<\/article>\n\t\t\t\t<article class=\"elementor-post elementor-grid-item post-801 post type-post status-publish format-standard has-post-thumbnail hentry category-carmengo\" role=\"listitem\">\n\t\t\t\t<a class=\"elementor-post__thumbnail__link\" href=\"https:\/\/carmelitengo.org\/es\/carmengo\/the-sustainable-development-goals-and-the-paris-climate-change-agreement-understanding-the-connection\/\" tabindex=\"-1\" >\n\t\t\t<div class=\"elementor-post__thumbnail\"><img loading=\"lazy\" decoding=\"async\" width=\"300\" height=\"148\" src=\"https:\/\/carmelitengo.org\/wp-content\/uploads\/2016\/10\/Screenshot-2025-02-17-at-6.20.56\u202fPM-300x148.png\" class=\"attachment-medium size-medium wp-image-803\" alt=\"\" srcset=\"https:\/\/carmelitengo.org\/wp-content\/uploads\/2016\/10\/Screenshot-2025-02-17-at-6.20.56\u202fPM-300x148.png 300w, https:\/\/carmelitengo.org\/wp-content\/uploads\/2016\/10\/Screenshot-2025-02-17-at-6.20.56\u202fPM-18x9.png 18w, https:\/\/carmelitengo.org\/wp-content\/uploads\/2016\/10\/Screenshot-2025-02-17-at-6.20.56\u202fPM.png 598w\" sizes=\"(max-width: 300px) 100vw, 300px\" \/><\/div>\n\t\t<\/a>\n\t\t\t\t<div class=\"elementor-post__text\">\n\t\t\t\t<h3 class=\"elementor-post__title\">\n\t\t\t<a href=\"https:\/\/carmelitengo.org\/es\/carmengo\/the-sustainable-development-goals-and-the-paris-climate-change-agreement-understanding-the-connection\/\" >\n\t\t\t\tLos Objetivos de Desarrollo Sostenible y el Acuerdo de Par\u00eds sobre el cambio clim\u00e1tico: Comprender la conexi\u00f3n\t\t\t<\/a>\n\t\t<\/h3>\n\t\t\t\t<div class=\"elementor-post__meta-data\">\n\t\t\t\t\t<span class=\"elementor-post-date\">\n\t\t\t17 de octubre de 2016\t\t<\/span>\n\t\t\t\t<\/div>\n\t\t\t\t<div class=\"elementor-post__excerpt\">\n\t\t\t<p>por Dennis Kalob, PhD<\/p>\n\t\t<\/div>\n\t\t\t\t<\/div>\n\t\t\t\t<\/article>\n\t\t\t\t<article class=\"elementor-post elementor-grid-item post-809 post type-post status-publish format-standard has-post-thumbnail hentry category-carmengo\" role=\"listitem\">\n\t\t\t\t<a class=\"elementor-post__thumbnail__link\" href=\"https:\/\/carmelitengo.org\/es\/carmengo\/migrant-laborers-and-human-trafficking\/\" tabindex=\"-1\" >\n\t\t\t<div class=\"elementor-post__thumbnail\"><img loading=\"lazy\" decoding=\"async\" width=\"300\" height=\"195\" src=\"https:\/\/carmelitengo.org\/wp-content\/uploads\/2016\/10\/Screenshot-2025-02-17-at-6.22.19\u202fPM-300x195.png\" class=\"attachment-medium size-medium wp-image-804\" alt=\"\" srcset=\"https:\/\/carmelitengo.org\/wp-content\/uploads\/2016\/10\/Screenshot-2025-02-17-at-6.22.19\u202fPM-300x195.png 300w, https:\/\/carmelitengo.org\/wp-content\/uploads\/2016\/10\/Screenshot-2025-02-17-at-6.22.19\u202fPM-18x12.png 18w, https:\/\/carmelitengo.org\/wp-content\/uploads\/2016\/10\/Screenshot-2025-02-17-at-6.22.19\u202fPM.png 596w\" sizes=\"(max-width: 300px) 100vw, 300px\" \/><\/div>\n\t\t<\/a>\n\t\t\t\t<div class=\"elementor-post__text\">\n\t\t\t\t<h3 class=\"elementor-post__title\">\n\t\t\t<a href=\"https:\/\/carmelitengo.org\/es\/carmengo\/migrant-laborers-and-human-trafficking\/\" >\n\t\t\t\tTrabajadores migrantes y trata de seres humanos\t\t\t<\/a>\n\t\t<\/h3>\n\t\t\t\t<div class=\"elementor-post__meta-data\">\n\t\t\t\t\t<span class=\"elementor-post-date\">\n\t\t\t17 de marzo de 2016\t\t<\/span>\n\t\t\t\t<\/div>\n\t\t\t\t<div class=\"elementor-post__excerpt\">\n\t\t\t\t\t<\/div>\n\t\t\t\t<\/div>\n\t\t\t\t<\/article>\n\t\t\t\t<article class=\"elementor-post elementor-grid-item post-814 post type-post status-publish format-standard has-post-thumbnail hentry category-carmengo\" role=\"listitem\">\n\t\t\t\t<a class=\"elementor-post__thumbnail__link\" href=\"https:\/\/carmelitengo.org\/es\/carmengo\/global-warming-why-still-care-about-it\/\" tabindex=\"-1\" >\n\t\t\t<div class=\"elementor-post__thumbnail\"><img loading=\"lazy\" decoding=\"async\" width=\"300\" height=\"180\" src=\"https:\/\/carmelitengo.org\/wp-content\/uploads\/2016\/10\/Screenshot-2025-02-17-at-6.23.13\u202fPM-300x180.png\" class=\"attachment-medium size-medium wp-image-805\" alt=\"\" srcset=\"https:\/\/carmelitengo.org\/wp-content\/uploads\/2016\/10\/Screenshot-2025-02-17-at-6.23.13\u202fPM-300x180.png 300w, https:\/\/carmelitengo.org\/wp-content\/uploads\/2016\/10\/Screenshot-2025-02-17-at-6.23.13\u202fPM-18x12.png 18w, https:\/\/carmelitengo.org\/wp-content\/uploads\/2016\/10\/Screenshot-2025-02-17-at-6.23.13\u202fPM.png 556w\" sizes=\"(max-width: 300px) 100vw, 300px\" \/><\/div>\n\t\t<\/a>\n\t\t\t\t<div class=\"elementor-post__text\">\n\t\t\t\t<h3 class=\"elementor-post__title\">\n\t\t\t<a href=\"https:\/\/carmelitengo.org\/es\/carmengo\/global-warming-why-still-care-about-it\/\" >\n\t\t\t\tEl calentamiento global: \u00bfPor qu\u00e9 nos sigue preocupando?\t\t\t<\/a>\n\t\t<\/h3>\n\t\t\t\t<div class=\"elementor-post__meta-data\">\n\t\t\t\t\t<span class=\"elementor-post-date\">\n\t\t\t17 de enero de 2016\t\t<\/span>\n\t\t\t\t<\/div>\n\t\t\t\t<div class=\"elementor-post__excerpt\">\n\t\t\t<p>por Eduardo Agosta Scarel<\/p>\n\t\t<\/div>\n\t\t\t\t<\/div>\n\t\t\t\t<\/article>\n\t\t\t\t<article class=\"elementor-post elementor-grid-item post-822 post type-post status-publish format-standard has-post-thumbnail hentry category-carmengo\" role=\"listitem\">\n\t\t\t\t<a class=\"elementor-post__thumbnail__link\" href=\"https:\/\/carmelitengo.org\/es\/carmengo\/cop21-a-show-of-cooperation-among-196-nations-on-the-environment\/\" tabindex=\"-1\" >\n\t\t\t<div class=\"elementor-post__thumbnail\"><img loading=\"lazy\" decoding=\"async\" width=\"300\" height=\"155\" src=\"https:\/\/carmelitengo.org\/wp-content\/uploads\/2015\/12\/Screenshot-2025-02-17-at-7.12.04\u202fPM-300x155.png\" class=\"attachment-medium size-medium wp-image-831\" alt=\"\" srcset=\"https:\/\/carmelitengo.org\/wp-content\/uploads\/2015\/12\/Screenshot-2025-02-17-at-7.12.04\u202fPM-300x155.png 300w, https:\/\/carmelitengo.org\/wp-content\/uploads\/2015\/12\/Screenshot-2025-02-17-at-7.12.04\u202fPM-18x9.png 18w, https:\/\/carmelitengo.org\/wp-content\/uploads\/2015\/12\/Screenshot-2025-02-17-at-7.12.04\u202fPM.png 592w\" sizes=\"(max-width: 300px) 100vw, 300px\" \/><\/div>\n\t\t<\/a>\n\t\t\t\t<div class=\"elementor-post__text\">\n\t\t\t\t<h3 class=\"elementor-post__title\">\n\t\t\t<a href=\"https:\/\/carmelitengo.org\/es\/carmengo\/cop21-a-show-of-cooperation-among-196-nations-on-the-environment\/\" >\n\t\t\t\tCOP21: Una muestra de cooperaci\u00f3n entre 196 naciones en materia de medio ambiente\t\t\t<\/a>\n\t\t<\/h3>\n\t\t\t\t<div class=\"elementor-post__meta-data\">\n\t\t\t\t\t<span class=\"elementor-post-date\">\n\t\t\t18 de diciembre de 2015\t\t<\/span>\n\t\t\t\t<\/div>\n\t\t\t\t<div class=\"elementor-post__excerpt\">\n\t\t\t\t\t<\/div>\n\t\t\t\t<\/div>\n\t\t\t\t<\/article>\n\t\t\t\t<article class=\"elementor-post elementor-grid-item post-838 post type-post status-publish format-standard has-post-thumbnail hentry category-carmengo\" role=\"listitem\">\n\t\t\t\t<a class=\"elementor-post__thumbnail__link\" href=\"https:\/\/carmelitengo.org\/es\/carmengo\/trafficking-at-sea-seafarers-as-the-latest-group-of-modern-day-slaves\/\" tabindex=\"-1\" >\n\t\t\t<div class=\"elementor-post__thumbnail\"><img loading=\"lazy\" decoding=\"async\" width=\"300\" height=\"169\" src=\"https:\/\/carmelitengo.org\/wp-content\/uploads\/2015\/12\/Screenshot-2025-02-17-at-7.13.23\u202fPM-300x169.png\" class=\"attachment-medium size-medium wp-image-832\" alt=\"\" srcset=\"https:\/\/carmelitengo.org\/wp-content\/uploads\/2015\/12\/Screenshot-2025-02-17-at-7.13.23\u202fPM-300x169.png 300w, https:\/\/carmelitengo.org\/wp-content\/uploads\/2015\/12\/Screenshot-2025-02-17-at-7.13.23\u202fPM-18x10.png 18w, https:\/\/carmelitengo.org\/wp-content\/uploads\/2015\/12\/Screenshot-2025-02-17-at-7.13.23\u202fPM.png 453w\" sizes=\"(max-width: 300px) 100vw, 300px\" \/><\/div>\n\t\t<\/a>\n\t\t\t\t<div class=\"elementor-post__text\">\n\t\t\t\t<h3 class=\"elementor-post__title\">\n\t\t\t<a href=\"https:\/\/carmelitengo.org\/es\/carmengo\/trafficking-at-sea-seafarers-as-the-latest-group-of-modern-day-slaves\/\" >\n\t\t\t\tTrata en el mar: Los marinos como \u00faltimo grupo de esclavos modernos\t\t\t<\/a>\n\t\t<\/h3>\n\t\t\t\t<div class=\"elementor-post__meta-data\">\n\t\t\t\t\t<span class=\"elementor-post-date\">\n\t\t\t18 de octubre de 2015\t\t<\/span>\n\t\t\t\t<\/div>\n\t\t\t\t<div class=\"elementor-post__excerpt\">\n\t\t\t\t\t<\/div>\n\t\t\t\t<\/div>\n\t\t\t\t<\/article>\n\t\t\t\t<article class=\"elementor-post elementor-grid-item post-846 post type-post status-publish format-standard has-post-thumbnail hentry category-carmengo\" role=\"listitem\">\n\t\t\t\t<a class=\"elementor-post__thumbnail__link\" href=\"https:\/\/carmelitengo.org\/es\/carmengo\/the-church-without-frontiers-mother-to-all\/\" tabindex=\"-1\" >\n\t\t\t<div class=\"elementor-post__thumbnail\"><img loading=\"lazy\" decoding=\"async\" width=\"300\" height=\"183\" src=\"https:\/\/carmelitengo.org\/wp-content\/uploads\/2015\/12\/Screenshot-2025-02-17-at-7.14.45\u202fPM-300x183.png\" class=\"attachment-medium size-medium wp-image-833\" alt=\"\" srcset=\"https:\/\/carmelitengo.org\/wp-content\/uploads\/2015\/12\/Screenshot-2025-02-17-at-7.14.45\u202fPM-300x183.png 300w, https:\/\/carmelitengo.org\/wp-content\/uploads\/2015\/12\/Screenshot-2025-02-17-at-7.14.45\u202fPM-18x12.png 18w, https:\/\/carmelitengo.org\/wp-content\/uploads\/2015\/12\/Screenshot-2025-02-17-at-7.14.45\u202fPM.png 359w\" sizes=\"(max-width: 300px) 100vw, 300px\" \/><\/div>\n\t\t<\/a>\n\t\t\t\t<div class=\"elementor-post__text\">\n\t\t\t\t<h3 class=\"elementor-post__title\">\n\t\t\t<a href=\"https:\/\/carmelitengo.org\/es\/carmengo\/the-church-without-frontiers-mother-to-all\/\" >\n\t\t\t\tLa Iglesia sin fronteras, madre de todos\t\t\t<\/a>\n\t\t<\/h3>\n\t\t\t\t<div class=\"elementor-post__meta-data\">\n\t\t\t\t\t<span class=\"elementor-post-date\">\n\t\t\t18 de abril de 2015\t\t<\/span>\n\t\t\t\t<\/div>\n\t\t\t\t<div class=\"elementor-post__excerpt\">\n\t\t\t\t\t<\/div>\n\t\t\t\t<\/div>\n\t\t\t\t<\/article>\n\t\t\t\t<article class=\"elementor-post elementor-grid-item post-854 post type-post status-publish format-standard has-post-thumbnail hentry category-carmengo\" role=\"listitem\">\n\t\t\t\t<a class=\"elementor-post__thumbnail__link\" href=\"https:\/\/carmelitengo.org\/es\/carmengo\/management-of-the-environment-and-human-rights-in-developing-countries\/\" tabindex=\"-1\" >\n\t\t\t<div class=\"elementor-post__thumbnail\"><img loading=\"lazy\" decoding=\"async\" width=\"300\" height=\"187\" src=\"https:\/\/carmelitengo.org\/wp-content\/uploads\/2015\/12\/Screenshot-2025-02-17-at-7.15.21\u202fPM-300x187.png\" class=\"attachment-medium size-medium wp-image-834\" alt=\"\" srcset=\"https:\/\/carmelitengo.org\/wp-content\/uploads\/2015\/12\/Screenshot-2025-02-17-at-7.15.21\u202fPM-300x187.png 300w, https:\/\/carmelitengo.org\/wp-content\/uploads\/2015\/12\/Screenshot-2025-02-17-at-7.15.21\u202fPM-18x12.png 18w, https:\/\/carmelitengo.org\/wp-content\/uploads\/2015\/12\/Screenshot-2025-02-17-at-7.15.21\u202fPM.png 455w\" sizes=\"(max-width: 300px) 100vw, 300px\" \/><\/div>\n\t\t<\/a>\n\t\t\t\t<div class=\"elementor-post__text\">\n\t\t\t\t<h3 class=\"elementor-post__title\">\n\t\t\t<a href=\"https:\/\/carmelitengo.org\/es\/carmengo\/management-of-the-environment-and-human-rights-in-developing-countries\/\" >\n\t\t\t\tGesti\u00f3n del medio ambiente y derechos humanos en los pa\u00edses en desarrollo\t\t\t<\/a>\n\t\t<\/h3>\n\t\t\t\t<div class=\"elementor-post__meta-data\">\n\t\t\t\t\t<span class=\"elementor-post-date\">\n\t\t\t18 de febrero de 2015\t\t<\/span>\n\t\t\t\t<\/div>\n\t\t\t\t<div class=\"elementor-post__excerpt\">\n\t\t\t<p>por Chelo Dhebbi, O.Carm.<\/p>\n\t\t<\/div>\n\t\t\t\t<\/div>\n\t\t\t\t<\/article>\n\t\t\t\t<article class=\"elementor-post elementor-grid-item post-862 post type-post status-publish format-standard has-post-thumbnail hentry category-carmengo\" role=\"listitem\">\n\t\t\t\t<a class=\"elementor-post__thumbnail__link\" href=\"https:\/\/carmelitengo.org\/es\/carmengo\/a-comprehensive-approach-to-trafficking-in-ghana\/\" tabindex=\"-1\" >\n\t\t\t<div class=\"elementor-post__thumbnail\"><img loading=\"lazy\" decoding=\"async\" width=\"300\" height=\"206\" src=\"https:\/\/carmelitengo.org\/wp-content\/uploads\/2025\/03\/v7n4-300x206.webp\" class=\"attachment-medium size-medium wp-image-864\" alt=\"\" srcset=\"https:\/\/carmelitengo.org\/wp-content\/uploads\/2025\/03\/v7n4-300x206.webp 300w, https:\/\/carmelitengo.org\/wp-content\/uploads\/2025\/03\/v7n4-18x12.webp 18w, https:\/\/carmelitengo.org\/wp-content\/uploads\/2025\/03\/v7n4.webp 592w\" sizes=\"(max-width: 300px) 100vw, 300px\" \/><\/div>\n\t\t<\/a>\n\t\t\t\t<div class=\"elementor-post__text\">\n\t\t\t\t<h3 class=\"elementor-post__title\">\n\t\t\t<a href=\"https:\/\/carmelitengo.org\/es\/carmengo\/a-comprehensive-approach-to-trafficking-in-ghana\/\" >\n\t\t\t\tUn enfoque integral de la trata en Ghana\t\t\t<\/a>\n\t\t<\/h3>\n\t\t\t\t<div class=\"elementor-post__meta-data\">\n\t\t\t\t\t<span class=\"elementor-post-date\">\n\t\t\t22 de noviembre de 2014\t\t<\/span>\n\t\t\t\t<\/div>\n\t\t\t\t<div class=\"elementor-post__excerpt\">\n\t\t\t<p>por Laura Murphy<\/p>\n\t\t<\/div>\n\t\t\t\t<\/div>\n\t\t\t\t<\/article>\n\t\t\t\t<article class=\"elementor-post elementor-grid-item post-869 post type-post status-publish format-standard has-post-thumbnail hentry category-carmengo\" role=\"listitem\">\n\t\t\t\t<a class=\"elementor-post__thumbnail__link\" href=\"https:\/\/carmelitengo.org\/es\/carmengo\/from-guatamala-through-the-desert-to-new-life\/\" tabindex=\"-1\" >\n\t\t\t<div class=\"elementor-post__thumbnail\"><img loading=\"lazy\" decoding=\"async\" width=\"300\" height=\"197\" src=\"https:\/\/carmelitengo.org\/wp-content\/uploads\/2025\/03\/v7n3-300x197.webp\" class=\"attachment-medium size-medium wp-image-870\" alt=\"\" srcset=\"https:\/\/carmelitengo.org\/wp-content\/uploads\/2025\/03\/v7n3-300x197.webp 300w, https:\/\/carmelitengo.org\/wp-content\/uploads\/2025\/03\/v7n3-18x12.png 18w, https:\/\/carmelitengo.org\/wp-content\/uploads\/2025\/03\/v7n3.webp 592w\" sizes=\"(max-width: 300px) 100vw, 300px\" \/><\/div>\n\t\t<\/a>\n\t\t\t\t<div class=\"elementor-post__text\">\n\t\t\t\t<h3 class=\"elementor-post__title\">\n\t\t\t<a href=\"https:\/\/carmelitengo.org\/es\/carmengo\/from-guatamala-through-the-desert-to-new-life\/\" >\n\t\t\t\tDe Guatamala, a trav\u00e9s del desierto, a una nueva vida\t\t\t<\/a>\n\t\t<\/h3>\n\t\t\t\t<div class=\"elementor-post__meta-data\">\n\t\t\t\t\t<span class=\"elementor-post-date\">\n\t\t\t22 de octubre de 2014\t\t<\/span>\n\t\t\t\t<\/div>\n\t\t\t\t<div class=\"elementor-post__excerpt\">\n\t\t\t\t\t<\/div>\n\t\t\t\t<\/div>\n\t\t\t\t<\/article>\n\t\t\t\t<article class=\"elementor-post elementor-grid-item post-876 post type-post status-publish format-standard hentry category-carmengo\" role=\"listitem\">\n\t\t\t\t<div class=\"elementor-post__text\">\n\t\t\t\t<h3 class=\"elementor-post__title\">\n\t\t\t<a href=\"https:\/\/carmelitengo.org\/es\/carmengo\/child-soldiers-struggle-to-adapt-back-to-a-childs-life\/\" >\n\t\t\t\tLos ni\u00f1os soldado luchan por volver a adaptarse a la vida de un ni\u00f1o\t\t\t<\/a>\n\t\t<\/h3>\n\t\t\t\t<div class=\"elementor-post__meta-data\">\n\t\t\t\t\t<span class=\"elementor-post-date\">\n\t\t\t22 de mayo de 2014\t\t<\/span>\n\t\t\t\t<\/div>\n\t\t\t\t<div class=\"elementor-post__excerpt\">\n\t\t\t\t\t<\/div>\n\t\t\t\t<\/div>\n\t\t\t\t<\/article>\n\t\t\t\t<article class=\"elementor-post elementor-grid-item post-883 post type-post status-publish format-standard has-post-thumbnail hentry category-carmengo\" role=\"listitem\">\n\t\t\t\t<a class=\"elementor-post__thumbnail__link\" href=\"https:\/\/carmelitengo.org\/es\/carmengo\/philippine-carmel-relief-service-ministry-brings-help-to-many\/\" tabindex=\"-1\" >\n\t\t\t<div class=\"elementor-post__thumbnail\"><img loading=\"lazy\" decoding=\"async\" width=\"300\" height=\"201\" src=\"https:\/\/carmelitengo.org\/wp-content\/uploads\/2025\/03\/v7n1-300x201.webp\" class=\"attachment-medium size-medium wp-image-884\" alt=\"\" srcset=\"https:\/\/carmelitengo.org\/wp-content\/uploads\/2025\/03\/v7n1-300x201.webp 300w, https:\/\/carmelitengo.org\/wp-content\/uploads\/2025\/03\/v7n1-18x12.webp 18w, https:\/\/carmelitengo.org\/wp-content\/uploads\/2025\/03\/v7n1.webp 597w\" sizes=\"(max-width: 300px) 100vw, 300px\" \/><\/div>\n\t\t<\/a>\n\t\t\t\t<div class=\"elementor-post__text\">\n\t\t\t\t<h3 class=\"elementor-post__title\">\n\t\t\t<a href=\"https:\/\/carmelitengo.org\/es\/carmengo\/philippine-carmel-relief-service-ministry-brings-help-to-many\/\" >\n\t\t\t\tEl Servicio de Socorro del Carmelo filipino ayuda a muchas personas\t\t\t<\/a>\n\t\t<\/h3>\n\t\t\t\t<div class=\"elementor-post__meta-data\">\n\t\t\t\t\t<span class=\"elementor-post-date\">\n\t\t\t22 de enero de 2014\t\t<\/span>\n\t\t\t\t<\/div>\n\t\t\t\t<div class=\"elementor-post__excerpt\">\n\t\t\t<p>por Bernard Roosendaal, O. Carm.<\/p>\n\t\t<\/div>\n\t\t\t\t<\/div>\n\t\t\t\t<\/article>\n\t\t\t\t<article class=\"elementor-post elementor-grid-item post-890 post type-post status-publish format-standard has-post-thumbnail hentry category-carmengo\" role=\"listitem\">\n\t\t\t\t<a class=\"elementor-post__thumbnail__link\" href=\"https:\/\/carmelitengo.org\/es\/carmengo\/water-touches-every-facet-of-life\/\" tabindex=\"-1\" >\n\t\t\t<div class=\"elementor-post__thumbnail\"><img loading=\"lazy\" decoding=\"async\" width=\"300\" height=\"168\" src=\"https:\/\/carmelitengo.org\/wp-content\/uploads\/2025\/03\/v6n4-300x168.webp\" class=\"attachment-medium size-medium wp-image-891\" alt=\"\" srcset=\"https:\/\/carmelitengo.org\/wp-content\/uploads\/2025\/03\/v6n4-300x168.webp 300w, https:\/\/carmelitengo.org\/wp-content\/uploads\/2025\/03\/v6n4-18x10.webp 18w, https:\/\/carmelitengo.org\/wp-content\/uploads\/2025\/03\/v6n4.webp 582w\" sizes=\"(max-width: 300px) 100vw, 300px\" \/><\/div>\n\t\t<\/a>\n\t\t\t\t<div class=\"elementor-post__text\">\n\t\t\t\t<h3 class=\"elementor-post__title\">\n\t\t\t<a href=\"https:\/\/carmelitengo.org\/es\/carmengo\/water-touches-every-facet-of-life\/\" >\n\t\t\t\tEl agua: Toca todas las facetas de la vida\t\t\t<\/a>\n\t\t<\/h3>\n\t\t\t\t<div class=\"elementor-post__meta-data\">\n\t\t\t\t\t<span class=\"elementor-post-date\">\n\t\t\t22 de diciembre de 2013\t\t<\/span>\n\t\t\t\t<\/div>\n\t\t\t\t<div class=\"elementor-post__excerpt\">\n\t\t\t\t\t<\/div>\n\t\t\t\t<\/div>\n\t\t\t\t<\/article>\n\t\t\t\t<article class=\"elementor-post elementor-grid-item post-897 post type-post status-publish format-standard has-post-thumbnail hentry category-carmengo\" role=\"listitem\">\n\t\t\t\t<a class=\"elementor-post__thumbnail__link\" href=\"https:\/\/carmelitengo.org\/es\/carmengo\/human-trafficking-in-italy\/\" tabindex=\"-1\" >\n\t\t\t<div class=\"elementor-post__thumbnail\"><img loading=\"lazy\" decoding=\"async\" width=\"300\" height=\"165\" src=\"https:\/\/carmelitengo.org\/wp-content\/uploads\/2025\/03\/v6n3-300x165.webp\" class=\"attachment-medium size-medium wp-image-898\" alt=\"\" srcset=\"https:\/\/carmelitengo.org\/wp-content\/uploads\/2025\/03\/v6n3-300x165.webp 300w, https:\/\/carmelitengo.org\/wp-content\/uploads\/2025\/03\/v6n3-18x10.webp 18w, https:\/\/carmelitengo.org\/wp-content\/uploads\/2025\/03\/v6n3.webp 595w\" sizes=\"(max-width: 300px) 100vw, 300px\" \/><\/div>\n\t\t<\/a>\n\t\t\t\t<div class=\"elementor-post__text\">\n\t\t\t\t<h3 class=\"elementor-post__title\">\n\t\t\t<a href=\"https:\/\/carmelitengo.org\/es\/carmengo\/human-trafficking-in-italy\/\" >\n\t\t\t\tTrata de seres humanos en Italia\t\t\t<\/a>\n\t\t<\/h3>\n\t\t\t\t<div class=\"elementor-post__meta-data\">\n\t\t\t\t\t<span class=\"elementor-post-date\">\n\t\t\t22 de septiembre de 2013\t\t<\/span>\n\t\t\t\t<\/div>\n\t\t\t\t<div class=\"elementor-post__excerpt\">\n\t\t\t\t\t<\/div>\n\t\t\t\t<\/div>\n\t\t\t\t<\/article>\n\t\t\t\t<article class=\"elementor-post elementor-grid-item post-904 post type-post status-publish format-standard has-post-thumbnail hentry category-carmengo\" role=\"listitem\">\n\t\t\t\t<a class=\"elementor-post__thumbnail__link\" href=\"https:\/\/carmelitengo.org\/es\/carmengo\/young-carmelites-working-to-bring-structural-change\/\" tabindex=\"-1\" >\n\t\t\t<div class=\"elementor-post__thumbnail\"><img loading=\"lazy\" decoding=\"async\" width=\"300\" height=\"178\" src=\"https:\/\/carmelitengo.org\/wp-content\/uploads\/2013\/04\/v6n2-300x178.webp\" class=\"attachment-medium size-medium wp-image-906\" alt=\"\" srcset=\"https:\/\/carmelitengo.org\/wp-content\/uploads\/2013\/04\/v6n2-300x178.webp 300w, https:\/\/carmelitengo.org\/wp-content\/uploads\/2013\/04\/v6n2-18x12.webp 18w, https:\/\/carmelitengo.org\/wp-content\/uploads\/2013\/04\/v6n2.webp 625w\" sizes=\"(max-width: 300px) 100vw, 300px\" \/><\/div>\n\t\t<\/a>\n\t\t\t\t<div class=\"elementor-post__text\">\n\t\t\t\t<h3 class=\"elementor-post__title\">\n\t\t\t<a href=\"https:\/\/carmelitengo.org\/es\/carmengo\/young-carmelites-working-to-bring-structural-change\/\" >\n\t\t\t\tJ\u00f3venes carmelitas trabajan por el cambio estructural\t\t\t<\/a>\n\t\t<\/h3>\n\t\t\t\t<div class=\"elementor-post__meta-data\">\n\t\t\t\t\t<span class=\"elementor-post-date\">\n\t\t\t22 de abril de 2013\t\t<\/span>\n\t\t\t\t<\/div>\n\t\t\t\t<div class=\"elementor-post__excerpt\">\n\t\t\t\t\t<\/div>\n\t\t\t\t<\/div>\n\t\t\t\t<\/article>\n\t\t\t\t<article class=\"elementor-post elementor-grid-item post-914 post type-post status-publish format-standard has-post-thumbnail hentry category-carmengo\" role=\"listitem\">\n\t\t\t\t<a class=\"elementor-post__thumbnail__link\" href=\"https:\/\/carmelitengo.org\/es\/carmengo\/mobilizing-to-prevent-and-end-trafficking-in-our-midst\/\" tabindex=\"-1\" >\n\t\t\t<div class=\"elementor-post__thumbnail\"><img loading=\"lazy\" decoding=\"async\" width=\"300\" height=\"214\" src=\"https:\/\/carmelitengo.org\/wp-content\/uploads\/2025\/03\/v6n1-300x214.webp\" class=\"attachment-medium size-medium wp-image-915\" alt=\"\" srcset=\"https:\/\/carmelitengo.org\/wp-content\/uploads\/2025\/03\/v6n1-300x214.webp 300w, https:\/\/carmelitengo.org\/wp-content\/uploads\/2025\/03\/v6n1-18x12.webp 18w, https:\/\/carmelitengo.org\/wp-content\/uploads\/2025\/03\/v6n1.webp 597w\" sizes=\"(max-width: 300px) 100vw, 300px\" \/><\/div>\n\t\t<\/a>\n\t\t\t\t<div class=\"elementor-post__text\">\n\t\t\t\t<h3 class=\"elementor-post__title\">\n\t\t\t<a href=\"https:\/\/carmelitengo.org\/es\/carmengo\/mobilizing-to-prevent-and-end-trafficking-in-our-midst\/\" >\n\t\t\t\tMovilizaci\u00f3n para prevenir y erradicar la trata en nuestro entorno\t\t\t<\/a>\n\t\t<\/h3>\n\t\t\t\t<div class=\"elementor-post__meta-data\">\n\t\t\t\t\t<span class=\"elementor-post-date\">\n\t\t\t22 de febrero de 2013\t\t<\/span>\n\t\t\t\t<\/div>\n\t\t\t\t<div class=\"elementor-post__excerpt\">\n\t\t\t\t\t<\/div>\n\t\t\t\t<\/div>\n\t\t\t\t<\/article>\n\t\t\t\t<article class=\"elementor-post elementor-grid-item post-922 post type-post status-publish format-standard has-post-thumbnail hentry category-carmengo\" role=\"listitem\">\n\t\t\t\t<a class=\"elementor-post__thumbnail__link\" href=\"https:\/\/carmelitengo.org\/es\/carmengo\/new-year-brings-new-members-focus-on-human-trafficking\/\" tabindex=\"-1\" >\n\t\t\t<div class=\"elementor-post__thumbnail\"><img loading=\"lazy\" decoding=\"async\" width=\"300\" height=\"163\" src=\"https:\/\/carmelitengo.org\/wp-content\/uploads\/2025\/03\/v5n4-300x163.webp\" class=\"attachment-medium size-medium wp-image-923\" alt=\"\" srcset=\"https:\/\/carmelitengo.org\/wp-content\/uploads\/2025\/03\/v5n4-300x163.webp 300w, https:\/\/carmelitengo.org\/wp-content\/uploads\/2025\/03\/v5n4-18x10.webp 18w, https:\/\/carmelitengo.org\/wp-content\/uploads\/2025\/03\/v5n4.webp 592w\" sizes=\"(max-width: 300px) 100vw, 300px\" \/><\/div>\n\t\t<\/a>\n\t\t\t\t<div class=\"elementor-post__text\">\n\t\t\t\t<h3 class=\"elementor-post__title\">\n\t\t\t<a href=\"https:\/\/carmelitengo.org\/es\/carmengo\/new-year-brings-new-members-focus-on-human-trafficking\/\" >\n\t\t\t\tEl nuevo a\u00f1o trae nuevos miembros y se centra en la trata de seres humanos\t\t\t<\/a>\n\t\t<\/h3>\n\t\t\t\t<div class=\"elementor-post__meta-data\">\n\t\t\t\t\t<span class=\"elementor-post-date\">\n\t\t\t22 de noviembre de 2012\t\t<\/span>\n\t\t\t\t<\/div>\n\t\t\t\t<div class=\"elementor-post__excerpt\">\n\t\t\t\t\t<\/div>\n\t\t\t\t<\/div>\n\t\t\t\t<\/article>\n\t\t\t\t<article class=\"elementor-post elementor-grid-item post-932 post type-post status-publish format-standard has-post-thumbnail hentry category-carmengo\" role=\"listitem\">\n\t\t\t\t<a class=\"elementor-post__thumbnail__link\" href=\"https:\/\/carmelitengo.org\/es\/carmengo\/rio20-clear-results-lacking-much-work-remains-to-be-done\/\" tabindex=\"-1\" >\n\t\t\t<div class=\"elementor-post__thumbnail\"><img loading=\"lazy\" decoding=\"async\" width=\"300\" height=\"153\" src=\"https:\/\/carmelitengo.org\/wp-content\/uploads\/2012\/09\/v5n3-300x153.webp\" class=\"attachment-medium size-medium wp-image-934\" alt=\"\" srcset=\"https:\/\/carmelitengo.org\/wp-content\/uploads\/2012\/09\/v5n3-300x153.webp 300w, https:\/\/carmelitengo.org\/wp-content\/uploads\/2012\/09\/v5n3-18x9.webp 18w, https:\/\/carmelitengo.org\/wp-content\/uploads\/2012\/09\/v5n3.webp 425w\" sizes=\"(max-width: 300px) 100vw, 300px\" \/><\/div>\n\t\t<\/a>\n\t\t\t\t<div class=\"elementor-post__text\">\n\t\t\t\t<h3 class=\"elementor-post__title\">\n\t\t\t<a href=\"https:\/\/carmelitengo.org\/es\/carmengo\/rio20-clear-results-lacking-much-work-remains-to-be-done\/\" >\n\t\t\t\tRIO+20: Faltan resultados claros; queda mucho trabajo por hacer\t\t\t<\/a>\n\t\t<\/h3>\n\t\t\t\t<div class=\"elementor-post__meta-data\">\n\t\t\t\t\t<span class=\"elementor-post-date\">\n\t\t\t22 de septiembre de 2012\t\t<\/span>\n\t\t\t\t<\/div>\n\t\t\t\t<div class=\"elementor-post__excerpt\">\n\t\t\t\t\t<\/div>\n\t\t\t\t<\/div>\n\t\t\t\t<\/article>\n\t\t\t\t<article class=\"elementor-post elementor-grid-item post-942 post type-post status-publish format-standard has-post-thumbnail hentry category-carmengo\" role=\"listitem\">\n\t\t\t\t<a class=\"elementor-post__thumbnail__link\" href=\"https:\/\/carmelitengo.org\/es\/carmengo\/the-battle-for-sustainabilityfrom-the-religious-perspective\/\" tabindex=\"-1\" >\n\t\t\t<div class=\"elementor-post__thumbnail\"><img loading=\"lazy\" decoding=\"async\" width=\"300\" height=\"163\" src=\"https:\/\/carmelitengo.org\/wp-content\/uploads\/2025\/03\/v5n2-300x163.webp\" class=\"attachment-medium size-medium wp-image-943\" alt=\"\" srcset=\"https:\/\/carmelitengo.org\/wp-content\/uploads\/2025\/03\/v5n2-300x163.webp 300w, https:\/\/carmelitengo.org\/wp-content\/uploads\/2025\/03\/v5n2-18x10.webp 18w, https:\/\/carmelitengo.org\/wp-content\/uploads\/2025\/03\/v5n2.webp 594w\" sizes=\"(max-width: 300px) 100vw, 300px\" \/><\/div>\n\t\t<\/a>\n\t\t\t\t<div class=\"elementor-post__text\">\n\t\t\t\t<h3 class=\"elementor-post__title\">\n\t\t\t<a href=\"https:\/\/carmelitengo.org\/es\/carmengo\/the-battle-for-sustainabilityfrom-the-religious-perspective\/\" >\n\t\t\t\tLa batalla por la sostenibilidad desde la perspectiva religiosa\t\t\t<\/a>\n\t\t<\/h3>\n\t\t\t\t<div class=\"elementor-post__meta-data\">\n\t\t\t\t\t<span class=\"elementor-post-date\">\n\t\t\t22 de marzo de 2012\t\t<\/span>\n\t\t\t\t<\/div>\n\t\t\t\t<div class=\"elementor-post__excerpt\">\n\t\t\t\t\t<\/div>\n\t\t\t\t<\/div>\n\t\t\t\t<\/article>\n\t\t\t\t<article class=\"elementor-post elementor-grid-item post-949 post type-post status-publish format-standard has-post-thumbnail hentry category-carmengo\" role=\"listitem\">\n\t\t\t\t<a class=\"elementor-post__thumbnail__link\" href=\"https:\/\/carmelitengo.org\/es\/carmengo\/the-cost-of-consumerism\/\" tabindex=\"-1\" >\n\t\t\t<div class=\"elementor-post__thumbnail\"><img loading=\"lazy\" decoding=\"async\" width=\"300\" height=\"210\" src=\"https:\/\/carmelitengo.org\/wp-content\/uploads\/2025\/03\/v5n1-300x210.webp\" class=\"attachment-medium size-medium wp-image-950\" alt=\"\" srcset=\"https:\/\/carmelitengo.org\/wp-content\/uploads\/2025\/03\/v5n1-300x210.webp 300w, https:\/\/carmelitengo.org\/wp-content\/uploads\/2025\/03\/v5n1-18x12.png 18w, https:\/\/carmelitengo.org\/wp-content\/uploads\/2025\/03\/v5n1.webp 594w\" sizes=\"(max-width: 300px) 100vw, 300px\" \/><\/div>\n\t\t<\/a>\n\t\t\t\t<div class=\"elementor-post__text\">\n\t\t\t\t<h3 class=\"elementor-post__title\">\n\t\t\t<a href=\"https:\/\/carmelitengo.org\/es\/carmengo\/the-cost-of-consumerism\/\" >\n\t\t\t\tEl coste del consumismo\t\t\t<\/a>\n\t\t<\/h3>\n\t\t\t\t<div class=\"elementor-post__meta-data\">\n\t\t\t\t\t<span class=\"elementor-post-date\">\n\t\t\t22 de enero de 2012\t\t<\/span>\n\t\t\t\t<\/div>\n\t\t\t\t<div class=\"elementor-post__excerpt\">\n\t\t\t\t\t<\/div>\n\t\t\t\t<\/div>\n\t\t\t\t<\/article>\n\t\t\t\t<article class=\"elementor-post elementor-grid-item post-956 post type-post status-publish format-standard has-post-thumbnail hentry category-carmengo\" role=\"listitem\">\n\t\t\t\t<a class=\"elementor-post__thumbnail__link\" href=\"https:\/\/carmelitengo.org\/es\/carmengo\/responsible-citizens-building-sustainable-societies\/\" tabindex=\"-1\" >\n\t\t\t<div class=\"elementor-post__thumbnail\"><img loading=\"lazy\" decoding=\"async\" width=\"300\" height=\"165\" src=\"https:\/\/carmelitengo.org\/wp-content\/uploads\/2025\/03\/v4n4-300x165.png\" class=\"attachment-medium size-medium wp-image-957\" alt=\"\" srcset=\"https:\/\/carmelitengo.org\/wp-content\/uploads\/2025\/03\/v4n4-300x165.png 300w, https:\/\/carmelitengo.org\/wp-content\/uploads\/2025\/03\/v4n4-18x10.png 18w, https:\/\/carmelitengo.org\/wp-content\/uploads\/2025\/03\/v4n4.png 491w\" sizes=\"(max-width: 300px) 100vw, 300px\" \/><\/div>\n\t\t<\/a>\n\t\t\t\t<div class=\"elementor-post__text\">\n\t\t\t\t<h3 class=\"elementor-post__title\">\n\t\t\t<a href=\"https:\/\/carmelitengo.org\/es\/carmengo\/responsible-citizens-building-sustainable-societies\/\" >\n\t\t\t\tCiudadanos responsables que construyen sociedades sostenibles\t\t\t<\/a>\n\t\t<\/h3>\n\t\t\t\t<div class=\"elementor-post__meta-data\">\n\t\t\t\t\t<span class=\"elementor-post-date\">\n\t\t\t22 de noviembre de 2011\t\t<\/span>\n\t\t\t\t<\/div>\n\t\t\t\t<div class=\"elementor-post__excerpt\">\n\t\t\t\t\t<\/div>\n\t\t\t\t<\/div>\n\t\t\t\t<\/article>\n\t\t\t\t<article class=\"elementor-post elementor-grid-item post-966 post type-post status-publish format-standard has-post-thumbnail hentry category-carmengo\" role=\"listitem\">\n\t\t\t\t<a class=\"elementor-post__thumbnail__link\" href=\"https:\/\/carmelitengo.org\/es\/carmengo\/carmelite-schools-go-green\/\" tabindex=\"-1\" >\n\t\t\t<div class=\"elementor-post__thumbnail\"><img loading=\"lazy\" decoding=\"async\" width=\"300\" height=\"192\" src=\"https:\/\/carmelitengo.org\/wp-content\/uploads\/2025\/03\/v4n3-300x192.webp\" class=\"attachment-medium size-medium wp-image-967\" alt=\"\" srcset=\"https:\/\/carmelitengo.org\/wp-content\/uploads\/2025\/03\/v4n3-300x192.webp 300w, https:\/\/carmelitengo.org\/wp-content\/uploads\/2025\/03\/v4n3-18x12.webp 18w, https:\/\/carmelitengo.org\/wp-content\/uploads\/2025\/03\/v4n3.webp 591w\" sizes=\"(max-width: 300px) 100vw, 300px\" \/><\/div>\n\t\t<\/a>\n\t\t\t\t<div class=\"elementor-post__text\">\n\t\t\t\t<h3 class=\"elementor-post__title\">\n\t\t\t<a href=\"https:\/\/carmelitengo.org\/es\/carmengo\/carmelite-schools-go-green\/\" >\n\t\t\t\tLas escuelas carmelitas se vuelven ecol\u00f3gicas\t\t\t<\/a>\n\t\t<\/h3>\n\t\t\t\t<div class=\"elementor-post__meta-data\">\n\t\t\t\t\t<span class=\"elementor-post-date\">\n\t\t\t22 de septiembre de 2011\t\t<\/span>\n\t\t\t\t<\/div>\n\t\t\t\t<div class=\"elementor-post__excerpt\">\n\t\t\t\t\t<\/div>\n\t\t\t\t<\/div>\n\t\t\t\t<\/article>\n\t\t\t\t<article class=\"elementor-post elementor-grid-item post-979 post type-post status-publish format-standard has-post-thumbnail hentry category-carmengo\" role=\"listitem\">\n\t\t\t\t<a class=\"elementor-post__thumbnail__link\" href=\"https:\/\/carmelitengo.org\/es\/carmengo\/sold-to-army-for-us-15-a-sack-of-rice-and-a-vat-of-cooking-oil-childhood-in-burma\/\" tabindex=\"-1\" >\n\t\t\t<div class=\"elementor-post__thumbnail\"><img loading=\"lazy\" decoding=\"async\" width=\"300\" height=\"191\" src=\"https:\/\/carmelitengo.org\/wp-content\/uploads\/2025\/03\/v4n2-300x191.png\" class=\"attachment-medium size-medium wp-image-980\" alt=\"\" srcset=\"https:\/\/carmelitengo.org\/wp-content\/uploads\/2025\/03\/v4n2-300x191.png 300w, https:\/\/carmelitengo.org\/wp-content\/uploads\/2025\/03\/v4n2-18x12.png 18w, https:\/\/carmelitengo.org\/wp-content\/uploads\/2025\/03\/v4n2.png 418w\" sizes=\"(max-width: 300px) 100vw, 300px\" \/><\/div>\n\t\t<\/a>\n\t\t\t\t<div class=\"elementor-post__text\">\n\t\t\t\t<h3 class=\"elementor-post__title\">\n\t\t\t<a href=\"https:\/\/carmelitengo.org\/es\/carmengo\/sold-to-army-for-us-15-a-sack-of-rice-and-a-vat-of-cooking-oil-childhood-in-burma\/\" >\n\t\t\t\tVendido al ej\u00e9rcito por $15 d\u00f3lares, un saco de arroz y una cuba de aceite de cocina: La infancia en Birmania\t\t\t<\/a>\n\t\t<\/h3>\n\t\t\t\t<div class=\"elementor-post__meta-data\">\n\t\t\t\t\t<span class=\"elementor-post-date\">\n\t\t\t22 de abril de 2011\t\t<\/span>\n\t\t\t\t<\/div>\n\t\t\t\t<div class=\"elementor-post__excerpt\">\n\t\t\t\t\t<\/div>\n\t\t\t\t<\/div>\n\t\t\t\t<\/article>\n\t\t\t\t<article class=\"elementor-post elementor-grid-item post-986 post type-post status-publish format-standard has-post-thumbnail hentry category-carmengo\" role=\"listitem\">\n\t\t\t\t<a class=\"elementor-post__thumbnail__link\" href=\"https:\/\/carmelitengo.org\/es\/carmengo\/carmelite-friary-joins-with-the-kinsale-peace-project-to-promote-understanding-of-social-issues\/\" tabindex=\"-1\" >\n\t\t\t<div class=\"elementor-post__thumbnail\"><img loading=\"lazy\" decoding=\"async\" width=\"300\" height=\"194\" src=\"https:\/\/carmelitengo.org\/wp-content\/uploads\/2025\/03\/v4n1-300x194.png\" class=\"attachment-medium size-medium wp-image-987\" alt=\"\" srcset=\"https:\/\/carmelitengo.org\/wp-content\/uploads\/2025\/03\/v4n1-300x194.png 300w, https:\/\/carmelitengo.org\/wp-content\/uploads\/2025\/03\/v4n1-18x12.png 18w, https:\/\/carmelitengo.org\/wp-content\/uploads\/2025\/03\/v4n1.png 606w\" sizes=\"(max-width: 300px) 100vw, 300px\" \/><\/div>\n\t\t<\/a>\n\t\t\t\t<div class=\"elementor-post__text\">\n\t\t\t\t<h3 class=\"elementor-post__title\">\n\t\t\t<a href=\"https:\/\/carmelitengo.org\/es\/carmengo\/carmelite-friary-joins-with-the-kinsale-peace-project-to-promote-understanding-of-social-issues\/\" >\n\t\t\t\tEl Convento Carmelita se une al Proyecto de Paz de Kinsale para promover la comprensi\u00f3n de los problemas sociales\t\t\t<\/a>\n\t\t<\/h3>\n\t\t\t\t<div class=\"elementor-post__meta-data\">\n\t\t\t\t\t<span class=\"elementor-post-date\">\n\t\t\t22 de febrero de 2011\t\t<\/span>\n\t\t\t\t<\/div>\n\t\t\t\t<div class=\"elementor-post__excerpt\">\n\t\t\t\t\t<\/div>\n\t\t\t\t<\/div>\n\t\t\t\t<\/article>\n\t\t\t\t<article class=\"elementor-post elementor-grid-item post-993 post type-post status-publish format-standard has-post-thumbnail hentry category-carmengo\" role=\"listitem\">\n\t\t\t\t<a class=\"elementor-post__thumbnail__link\" href=\"https:\/\/carmelitengo.org\/es\/carmengo\/carmelite-spirituality-awakening-ones-social-responsibility\/\" tabindex=\"-1\" >\n\t\t\t<div class=\"elementor-post__thumbnail\"><img loading=\"lazy\" decoding=\"async\" width=\"300\" height=\"192\" src=\"https:\/\/carmelitengo.org\/wp-content\/uploads\/2025\/03\/v3n4-300x192.png\" class=\"attachment-medium size-medium wp-image-994\" alt=\"\" srcset=\"https:\/\/carmelitengo.org\/wp-content\/uploads\/2025\/03\/v3n4-300x192.png 300w, https:\/\/carmelitengo.org\/wp-content\/uploads\/2025\/03\/v3n4-18x12.png 18w, https:\/\/carmelitengo.org\/wp-content\/uploads\/2025\/03\/v3n4.webp 605w\" sizes=\"(max-width: 300px) 100vw, 300px\" \/><\/div>\n\t\t<\/a>\n\t\t\t\t<div class=\"elementor-post__text\">\n\t\t\t\t<h3 class=\"elementor-post__title\">\n\t\t\t<a href=\"https:\/\/carmelitengo.org\/es\/carmengo\/carmelite-spirituality-awakening-ones-social-responsibility\/\" >\n\t\t\t\tEspiritualidad carmelita: Despertar la propia responsabilidad social\t\t\t<\/a>\n\t\t<\/h3>\n\t\t\t\t<div class=\"elementor-post__meta-data\">\n\t\t\t\t\t<span class=\"elementor-post-date\">\n\t\t\t23 de diciembre de 2010\t\t<\/span>\n\t\t\t\t<\/div>\n\t\t\t\t<div class=\"elementor-post__excerpt\">\n\t\t\t\t\t<\/div>\n\t\t\t\t<\/div>\n\t\t\t\t<\/article>\n\t\t\t\t<article class=\"elementor-post elementor-grid-item post-1000 post type-post status-publish format-standard has-post-thumbnail hentry category-carmengo\" role=\"listitem\">\n\t\t\t\t<a class=\"elementor-post__thumbnail__link\" href=\"https:\/\/carmelitengo.org\/es\/carmengo\/focus-on-advancing-global-health-to-achieve-mdgs\/\" tabindex=\"-1\" >\n\t\t\t<div class=\"elementor-post__thumbnail\"><img loading=\"lazy\" decoding=\"async\" width=\"300\" height=\"149\" src=\"https:\/\/carmelitengo.org\/wp-content\/uploads\/2025\/03\/v3n3-300x149.webp\" class=\"attachment-medium size-medium wp-image-1001\" alt=\"\" srcset=\"https:\/\/carmelitengo.org\/wp-content\/uploads\/2025\/03\/v3n3-300x149.webp 300w, https:\/\/carmelitengo.org\/wp-content\/uploads\/2025\/03\/v3n3-18x9.webp 18w, https:\/\/carmelitengo.org\/wp-content\/uploads\/2025\/03\/v3n3.webp 607w\" sizes=\"(max-width: 300px) 100vw, 300px\" \/><\/div>\n\t\t<\/a>\n\t\t\t\t<div class=\"elementor-post__text\">\n\t\t\t\t<h3 class=\"elementor-post__title\">\n\t\t\t<a href=\"https:\/\/carmelitengo.org\/es\/carmengo\/focus-on-advancing-global-health-to-achieve-mdgs\/\" >\n\t\t\t\tImpulsar la salud mundial para alcanzar los ODM\t\t\t<\/a>\n\t\t<\/h3>\n\t\t\t\t<div class=\"elementor-post__meta-data\">\n\t\t\t\t\t<span class=\"elementor-post-date\">\n\t\t\t23 de octubre de 2010\t\t<\/span>\n\t\t\t\t<\/div>\n\t\t\t\t<div class=\"elementor-post__excerpt\">\n\t\t\t\t\t<\/div>\n\t\t\t\t<\/div>\n\t\t\t\t<\/article>\n\t\t\t\t<article class=\"elementor-post elementor-grid-item post-1010 post type-post status-publish format-standard has-post-thumbnail hentry category-carmengo\" role=\"listitem\">\n\t\t\t\t<a class=\"elementor-post__thumbnail__link\" href=\"https:\/\/carmelitengo.org\/es\/carmengo\/sustainable-development-a-spiritual-challenge-or-just-nothing-a-utopia\/\" tabindex=\"-1\" >\n\t\t\t<div class=\"elementor-post__thumbnail\"><img loading=\"lazy\" decoding=\"async\" width=\"300\" height=\"160\" src=\"https:\/\/carmelitengo.org\/wp-content\/uploads\/2025\/03\/v3n2-300x160.png\" class=\"attachment-medium size-medium wp-image-1011\" alt=\"\" srcset=\"https:\/\/carmelitengo.org\/wp-content\/uploads\/2025\/03\/v3n2-300x160.png 300w, https:\/\/carmelitengo.org\/wp-content\/uploads\/2025\/03\/v3n2-18x10.png 18w, https:\/\/carmelitengo.org\/wp-content\/uploads\/2025\/03\/v3n2.png 618w\" sizes=\"(max-width: 300px) 100vw, 300px\" \/><\/div>\n\t\t<\/a>\n\t\t\t\t<div class=\"elementor-post__text\">\n\t\t\t\t<h3 class=\"elementor-post__title\">\n\t\t\t<a href=\"https:\/\/carmelitengo.org\/es\/carmengo\/sustainable-development-a-spiritual-challenge-or-just-nothing-a-utopia\/\" >\n\t\t\t\tDesarrollo Sostenible: Un reto espiritual o simplemente una utop\u00eda\t\t\t<\/a>\n\t\t<\/h3>\n\t\t\t\t<div class=\"elementor-post__meta-data\">\n\t\t\t\t\t<span class=\"elementor-post-date\">\n\t\t\t23 de marzo de 2010\t\t<\/span>\n\t\t\t\t<\/div>\n\t\t\t\t<div class=\"elementor-post__excerpt\">\n\t\t\t<p>por Eduardo Agosta Scarel, O. Carm.<\/p>\n\t\t<\/div>\n\t\t\t\t<\/div>\n\t\t\t\t<\/article>\n\t\t\t\t<article class=\"elementor-post elementor-grid-item post-1018 post type-post status-publish format-standard has-post-thumbnail hentry category-carmengo\" role=\"listitem\">\n\t\t\t\t<a class=\"elementor-post__thumbnail__link\" href=\"https:\/\/carmelitengo.org\/es\/carmengo\/copenhagen-a-small-step-now-we-need-a-big-step\/\" tabindex=\"-1\" >\n\t\t\t<div class=\"elementor-post__thumbnail\"><img loading=\"lazy\" decoding=\"async\" width=\"300\" height=\"189\" src=\"https:\/\/carmelitengo.org\/wp-content\/uploads\/2025\/03\/v3n1-300x189.webp\" class=\"attachment-medium size-medium wp-image-1019\" alt=\"\" srcset=\"https:\/\/carmelitengo.org\/wp-content\/uploads\/2025\/03\/v3n1-300x189.webp 300w, https:\/\/carmelitengo.org\/wp-content\/uploads\/2025\/03\/v3n1-18x12.webp 18w, https:\/\/carmelitengo.org\/wp-content\/uploads\/2025\/03\/v3n1.webp 596w\" sizes=\"(max-width: 300px) 100vw, 300px\" \/><\/div>\n\t\t<\/a>\n\t\t\t\t<div class=\"elementor-post__text\">\n\t\t\t\t<h3 class=\"elementor-post__title\">\n\t\t\t<a href=\"https:\/\/carmelitengo.org\/es\/carmengo\/copenhagen-a-small-step-now-we-need-a-big-step\/\" >\n\t\t\t\tCopenhague, un peque\u00f1o paso: AHORA necesitamos un gran paso\t\t\t<\/a>\n\t\t<\/h3>\n\t\t\t\t<div class=\"elementor-post__meta-data\">\n\t\t\t\t\t<span class=\"elementor-post-date\">\n\t\t\t23 de enero de 2010\t\t<\/span>\n\t\t\t\t<\/div>\n\t\t\t\t<div class=\"elementor-post__excerpt\">\n\t\t\t\t\t<\/div>\n\t\t\t\t<\/div>\n\t\t\t\t<\/article>\n\t\t\t\t<article class=\"elementor-post elementor-grid-item post-1028 post type-post status-publish format-standard has-post-thumbnail hentry category-carmengo\" role=\"listitem\">\n\t\t\t\t<a class=\"elementor-post__thumbnail__link\" href=\"https:\/\/carmelitengo.org\/es\/carmengo\/carmelites-fight-trafficking\/\" tabindex=\"-1\" >\n\t\t\t<div class=\"elementor-post__thumbnail\"><img loading=\"lazy\" decoding=\"async\" width=\"300\" height=\"219\" src=\"https:\/\/carmelitengo.org\/wp-content\/uploads\/2025\/03\/v2n4-300x219.png\" class=\"attachment-medium size-medium wp-image-1029\" alt=\"\" srcset=\"https:\/\/carmelitengo.org\/wp-content\/uploads\/2025\/03\/v2n4-300x219.png 300w, https:\/\/carmelitengo.org\/wp-content\/uploads\/2025\/03\/v2n4-16x12.png 16w, https:\/\/carmelitengo.org\/wp-content\/uploads\/2025\/03\/v2n4.png 597w\" sizes=\"(max-width: 300px) 100vw, 300px\" \/><\/div>\n\t\t<\/a>\n\t\t\t\t<div class=\"elementor-post__text\">\n\t\t\t\t<h3 class=\"elementor-post__title\">\n\t\t\t<a href=\"https:\/\/carmelitengo.org\/es\/carmengo\/carmelites-fight-trafficking\/\" >\n\t\t\t\tLos Carmelitas luchan contra el TR\u00c1FICO\t\t\t<\/a>\n\t\t<\/h3>\n\t\t\t\t<div class=\"elementor-post__meta-data\">\n\t\t\t\t\t<span class=\"elementor-post-date\">\n\t\t\t23 de noviembre de 2009\t\t<\/span>\n\t\t\t\t<\/div>\n\t\t\t\t<div class=\"elementor-post__excerpt\">\n\t\t\t\t\t<\/div>\n\t\t\t\t<\/div>\n\t\t\t\t<\/article>\n\t\t\t\t<article class=\"elementor-post elementor-grid-item post-1035 post type-post status-publish format-standard has-post-thumbnail hentry category-carmengo\" role=\"listitem\">\n\t\t\t\t<a class=\"elementor-post__thumbnail__link\" href=\"https:\/\/carmelitengo.org\/es\/carmengo\/trafficking-of-children-on-the-rise\/\" tabindex=\"-1\" >\n\t\t\t<div class=\"elementor-post__thumbnail\"><img loading=\"lazy\" decoding=\"async\" width=\"300\" height=\"209\" src=\"https:\/\/carmelitengo.org\/wp-content\/uploads\/2025\/03\/v2n3-300x209.webp\" class=\"attachment-medium size-medium wp-image-1036\" alt=\"\" srcset=\"https:\/\/carmelitengo.org\/wp-content\/uploads\/2025\/03\/v2n3-300x209.webp 300w, https:\/\/carmelitengo.org\/wp-content\/uploads\/2025\/03\/v2n3-18x12.png 18w, https:\/\/carmelitengo.org\/wp-content\/uploads\/2025\/03\/v2n3.webp 590w\" sizes=\"(max-width: 300px) 100vw, 300px\" \/><\/div>\n\t\t<\/a>\n\t\t\t\t<div class=\"elementor-post__text\">\n\t\t\t\t<h3 class=\"elementor-post__title\">\n\t\t\t<a href=\"https:\/\/carmelitengo.org\/es\/carmengo\/trafficking-of-children-on-the-rise\/\" >\n\t\t\t\tAUMENTA EL TR\u00c1FICO DE NI\u00d1OS\t\t\t<\/a>\n\t\t<\/h3>\n\t\t\t\t<div class=\"elementor-post__meta-data\">\n\t\t\t\t\t<span class=\"elementor-post-date\">\n\t\t\t23 de septiembre de 2009\t\t<\/span>\n\t\t\t\t<\/div>\n\t\t\t\t<div class=\"elementor-post__excerpt\">\n\t\t\t<p>Jane Remson, O. Carm.<\/p>\n\t\t<\/div>\n\t\t\t\t<\/div>\n\t\t\t\t<\/article>\n\t\t\t\t<article class=\"elementor-post elementor-grid-item post-1045 post type-post status-publish format-standard has-post-thumbnail hentry category-carmengo\" role=\"listitem\">\n\t\t\t\t<a class=\"elementor-post__thumbnail__link\" href=\"https:\/\/carmelitengo.org\/es\/carmengo\/think-human-trafficking-is-extinct-think-again\/\" tabindex=\"-1\" >\n\t\t\t<div class=\"elementor-post__thumbnail\"><img loading=\"lazy\" decoding=\"async\" width=\"300\" height=\"199\" src=\"https:\/\/carmelitengo.org\/wp-content\/uploads\/2025\/03\/v2n2-300x199.webp\" class=\"attachment-medium size-medium wp-image-1046\" alt=\"\" srcset=\"https:\/\/carmelitengo.org\/wp-content\/uploads\/2025\/03\/v2n2-300x199.webp 300w, https:\/\/carmelitengo.org\/wp-content\/uploads\/2025\/03\/v2n2-18x12.webp 18w, https:\/\/carmelitengo.org\/wp-content\/uploads\/2025\/03\/v2n2.webp 577w\" sizes=\"(max-width: 300px) 100vw, 300px\" \/><\/div>\n\t\t<\/a>\n\t\t\t\t<div class=\"elementor-post__text\">\n\t\t\t\t<h3 class=\"elementor-post__title\">\n\t\t\t<a href=\"https:\/\/carmelitengo.org\/es\/carmengo\/think-human-trafficking-is-extinct-think-again\/\" >\n\t\t\t\t\u00bfCree que la trata de seres humanos ha desaparecido? Pi\u00e9nselo otra vez.\t\t\t<\/a>\n\t\t<\/h3>\n\t\t\t\t<div class=\"elementor-post__meta-data\">\n\t\t\t\t\t<span class=\"elementor-post-date\">\n\t\t\t23 de abril de 2009\t\t<\/span>\n\t\t\t\t<\/div>\n\t\t\t\t<div class=\"elementor-post__excerpt\">\n\t\t\t<p>por William J. Harry, O. Carm.<\/p>\n\t\t<\/div>\n\t\t\t\t<\/div>\n\t\t\t\t<\/article>\n\t\t\t\t<article class=\"elementor-post elementor-grid-item post-1056 post type-post status-publish format-standard has-post-thumbnail hentry category-carmengo\" role=\"listitem\">\n\t\t\t\t<a class=\"elementor-post__thumbnail__link\" href=\"https:\/\/carmelitengo.org\/es\/carmengo\/investing-in-people-centered-development-but-who-are-those-people\/\" tabindex=\"-1\" >\n\t\t\t<div class=\"elementor-post__thumbnail\"><img loading=\"lazy\" decoding=\"async\" width=\"300\" height=\"194\" src=\"https:\/\/carmelitengo.org\/wp-content\/uploads\/2025\/03\/v2n1-300x194.webp\" class=\"attachment-medium size-medium wp-image-1057\" alt=\"\" srcset=\"https:\/\/carmelitengo.org\/wp-content\/uploads\/2025\/03\/v2n1-300x194.webp 300w, https:\/\/carmelitengo.org\/wp-content\/uploads\/2025\/03\/v2n1-18x12.webp 18w, https:\/\/carmelitengo.org\/wp-content\/uploads\/2025\/03\/v2n1.webp 592w\" sizes=\"(max-width: 300px) 100vw, 300px\" \/><\/div>\n\t\t<\/a>\n\t\t\t\t<div class=\"elementor-post__text\">\n\t\t\t\t<h3 class=\"elementor-post__title\">\n\t\t\t<a href=\"https:\/\/carmelitengo.org\/es\/carmengo\/investing-in-people-centered-development-but-who-are-those-people\/\" >\n\t\t\t\tInvertir en desarrollo centrado en las personas: \u00bfPero qui\u00e9nes son esas personas?\t\t\t<\/a>\n\t\t<\/h3>\n\t\t\t\t<div class=\"elementor-post__meta-data\">\n\t\t\t\t\t<span class=\"elementor-post-date\">\n\t\t\t23 de enero de 2009\t\t<\/span>\n\t\t\t\t<\/div>\n\t\t\t\t<div class=\"elementor-post__excerpt\">\n\t\t\t\t\t<\/div>\n\t\t\t\t<\/div>\n\t\t\t\t<\/article>\n\t\t\t\t<article class=\"elementor-post elementor-grid-item post-1063 post type-post status-publish format-standard has-post-thumbnail hentry category-carmengo\" role=\"listitem\">\n\t\t\t\t<a class=\"elementor-post__thumbnail__link\" href=\"https:\/\/carmelitengo.org\/es\/carmengo\/karit-solidarity-for-peace\/\" tabindex=\"-1\" >\n\t\t\t<div class=\"elementor-post__thumbnail\"><img loading=\"lazy\" decoding=\"async\" width=\"300\" height=\"211\" src=\"https:\/\/carmelitengo.org\/wp-content\/uploads\/2025\/03\/v1n4-300x211.webp\" class=\"attachment-medium size-medium wp-image-1064\" alt=\"\" srcset=\"https:\/\/carmelitengo.org\/wp-content\/uploads\/2025\/03\/v1n4-300x211.webp 300w, https:\/\/carmelitengo.org\/wp-content\/uploads\/2025\/03\/v1n4-18x12.webp 18w, https:\/\/carmelitengo.org\/wp-content\/uploads\/2025\/03\/v1n4.webp 621w\" sizes=\"(max-width: 300px) 100vw, 300px\" \/><\/div>\n\t\t<\/a>\n\t\t\t\t<div class=\"elementor-post__text\">\n\t\t\t\t<h3 class=\"elementor-post__title\">\n\t\t\t<a href=\"https:\/\/carmelitengo.org\/es\/carmengo\/karit-solidarity-for-peace\/\" >\n\t\t\t\tKarit: Solidaridad por la paz\t\t\t<\/a>\n\t\t<\/h3>\n\t\t\t\t<div class=\"elementor-post__meta-data\">\n\t\t\t\t\t<span class=\"elementor-post-date\">\n\t\t\t23 de diciembre de 2008\t\t<\/span>\n\t\t\t\t<\/div>\n\t\t\t\t<div class=\"elementor-post__excerpt\">\n\t\t\t\t\t<\/div>\n\t\t\t\t<\/div>\n\t\t\t\t<\/article>\n\t\t\t\t<article class=\"elementor-post elementor-grid-item post-1070 post type-post status-publish format-standard has-post-thumbnail hentry category-carmengo\" role=\"listitem\">\n\t\t\t\t<a class=\"elementor-post__thumbnail__link\" href=\"https:\/\/carmelitengo.org\/es\/carmengo\/the-sufferings-of-zimbabwes-people\/\" tabindex=\"-1\" >\n\t\t\t<div class=\"elementor-post__thumbnail\"><img loading=\"lazy\" decoding=\"async\" width=\"300\" height=\"151\" src=\"https:\/\/carmelitengo.org\/wp-content\/uploads\/2025\/03\/v1n3-300x151.webp\" class=\"attachment-medium size-medium wp-image-1071\" alt=\"\" srcset=\"https:\/\/carmelitengo.org\/wp-content\/uploads\/2025\/03\/v1n3-300x151.webp 300w, https:\/\/carmelitengo.org\/wp-content\/uploads\/2025\/03\/v1n3-18x9.webp 18w, https:\/\/carmelitengo.org\/wp-content\/uploads\/2025\/03\/v1n3.webp 611w\" sizes=\"(max-width: 300px) 100vw, 300px\" \/><\/div>\n\t\t<\/a>\n\t\t\t\t<div class=\"elementor-post__text\">\n\t\t\t\t<h3 class=\"elementor-post__title\">\n\t\t\t<a href=\"https:\/\/carmelitengo.org\/es\/carmengo\/the-sufferings-of-zimbabwes-people\/\" >\n\t\t\t\tEl sufrimiento del pueblo de Zimbabue\t\t\t<\/a>\n\t\t<\/h3>\n\t\t\t\t<div class=\"elementor-post__meta-data\">\n\t\t\t\t\t<span class=\"elementor-post-date\">\n\t\t\t23 de septiembre de 2008\t\t<\/span>\n\t\t\t\t<\/div>\n\t\t\t\t<div class=\"elementor-post__excerpt\">\n\t\t\t\t\t<\/div>\n\t\t\t\t<\/div>\n\t\t\t\t<\/article>\n\t\t\t\t<article class=\"elementor-post elementor-grid-item post-1081 post type-post status-publish format-standard has-post-thumbnail hentry category-carmengo\" role=\"listitem\">\n\t\t\t\t<a class=\"elementor-post__thumbnail__link\" href=\"https:\/\/carmelitengo.org\/es\/carmengo\/carmelites-in-indonesia-fight-deforestation\/\" tabindex=\"-1\" >\n\t\t\t<div class=\"elementor-post__thumbnail\"><img loading=\"lazy\" decoding=\"async\" width=\"300\" height=\"167\" src=\"https:\/\/carmelitengo.org\/wp-content\/uploads\/2025\/03\/v1n2-300x167.webp\" class=\"attachment-medium size-medium wp-image-1082\" alt=\"\" srcset=\"https:\/\/carmelitengo.org\/wp-content\/uploads\/2025\/03\/v1n2-300x167.webp 300w, https:\/\/carmelitengo.org\/wp-content\/uploads\/2025\/03\/v1n2-18x10.webp 18w, https:\/\/carmelitengo.org\/wp-content\/uploads\/2025\/03\/v1n2.webp 616w\" sizes=\"(max-width: 300px) 100vw, 300px\" \/><\/div>\n\t\t<\/a>\n\t\t\t\t<div class=\"elementor-post__text\">\n\t\t\t\t<h3 class=\"elementor-post__title\">\n\t\t\t<a href=\"https:\/\/carmelitengo.org\/es\/carmengo\/carmelites-in-indonesia-fight-deforestation\/\" >\n\t\t\t\tLos carmelitas de Indonesia luchan contra la deforestaci\u00f3n\t\t\t<\/a>\n\t\t<\/h3>\n\t\t\t\t<div class=\"elementor-post__meta-data\">\n\t\t\t\t\t<span class=\"elementor-post-date\">\n\t\t\t23 de marzo de 2008\t\t<\/span>\n\t\t\t\t<\/div>\n\t\t\t\t<div class=\"elementor-post__excerpt\">\n\t\t\t<p>por Hariawan Adji, O. Carm.<\/p>\n\t\t<\/div>\n\t\t\t\t<\/div>\n\t\t\t\t<\/article>\n\t\t\t\t<article class=\"elementor-post elementor-grid-item post-1091 post type-post status-publish format-standard has-post-thumbnail hentry category-carmengo\" role=\"listitem\">\n\t\t\t\t<a class=\"elementor-post__thumbnail__link\" href=\"https:\/\/carmelitengo.org\/es\/carmengo\/welcome-to-the-first-issue-of-carmengo\/\" tabindex=\"-1\" >\n\t\t\t<div class=\"elementor-post__thumbnail\"><img loading=\"lazy\" decoding=\"async\" width=\"300\" height=\"176\" src=\"https:\/\/carmelitengo.org\/wp-content\/uploads\/2025\/03\/v1n1-300x176.webp\" class=\"attachment-medium size-medium wp-image-1092\" alt=\"\" srcset=\"https:\/\/carmelitengo.org\/wp-content\/uploads\/2025\/03\/v1n1-300x176.webp 300w, https:\/\/carmelitengo.org\/wp-content\/uploads\/2025\/03\/v1n1-18x12.webp 18w, https:\/\/carmelitengo.org\/wp-content\/uploads\/2025\/03\/v1n1.webp 530w\" sizes=\"(max-width: 300px) 100vw, 300px\" \/><\/div>\n\t\t<\/a>\n\t\t\t\t<div class=\"elementor-post__text\">\n\t\t\t\t<h3 class=\"elementor-post__title\">\n\t\t\t<a href=\"https:\/\/carmelitengo.org\/es\/carmengo\/welcome-to-the-first-issue-of-carmengo\/\" >\n\t\t\t\tBienvenidos al primer n\u00famero de CarmeNGO\t\t\t<\/a>\n\t\t<\/h3>\n\t\t\t\t<div class=\"elementor-post__meta-data\">\n\t\t\t\t\t<span class=\"elementor-post-date\">\n\t\t\t23 de enero de 2008\t\t<\/span>\n\t\t\t\t<\/div>\n\t\t\t\t<div class=\"elementor-post__excerpt\">\n\t\t\t\t\t<\/div>\n\t\t\t\t<\/div>\n\t\t\t\t<\/article>\n\t\t\t\t<\/div>\n\t\t\n\t\t\t\t\t\t<\/div>\n\t\t\t\t<\/div>\n\t\t\t\t\t<\/div>\n\t\t<\/div>\n\t\t\t\t\t<\/div>\n\t\t<\/section>\n\t\t\t\t<\/div>","protected":false},"excerpt":{"rendered":"","protected":false},"author":1,"featured_media":0,"parent":0,"menu_order":0,"comment_status":"closed","ping_status":"closed","template":"","meta":{"footnotes":""},"class_list":["post-43","page","type-page","status-publish","hentry"],"_links":{"self":[{"href":"https:\/\/carmelitengo.org\/es\/wp-json\/wp\/v2\/pages\/43","targetHints":{"allow":["GET"]}}],"collection":[{"href":"https:\/\/carmelitengo.org\/es\/wp-json\/wp\/v2\/pages"}],"about":[{"href":"https:\/\/carmelitengo.org\/es\/wp-json\/wp\/v2\/types\/page"}],"author":[{"embeddable":true,"href":"https:\/\/carmelitengo.org\/es\/wp-json\/wp\/v2\/users\/1"}],"replies":[{"embeddable":true,"href":"https:\/\/carmelitengo.org\/es\/wp-json\/wp\/v2\/comments?post=43"}],"version-history":[{"count":22,"href":"https:\/\/carmelitengo.org\/es\/wp-json\/wp\/v2\/pages\/43\/revisions"}],"predecessor-version":[{"id":978,"href":"https:\/\/carmelitengo.org\/es\/wp-json\/wp\/v2\/pages\/43\/revisions\/978"}],"wp:attachment":[{"href":"https:\/\/carmelitengo.org\/es\/wp-json\/wp\/v2\/media?parent=43"}],"curies":[{"name":"wp","href":"https:\/\/api.w.org\/{rel}","templated":true}]}}